{"id":3921,"date":"2024-06-21T12:39:32","date_gmt":"2024-06-21T16:39:32","guid":{"rendered":"https:\/\/immigrantintegration.org\/?page_id=3921"},"modified":"2024-10-17T14:26:23","modified_gmt":"2024-10-17T18:26:23","slug":"conference-2024","status":"publish","type":"page","link":"https:\/\/immigrantintegration.org\/archived\/2024\/","title":{"rendered":"Home &#8211; Conference 2024"},"content":{"rendered":"<section class=\"wpb-content-wrapper\"><p>[vc_row full_width=&#8221;stretch_row_content_no_spaces&#8221;][vc_column]<div class=\"gt-countdown-slider gt-style-1\" style=\"height:250px;\"><div class=\"swiper-container gt-swiper-slider\" data-gt-item=\"1\" data-gt-item-space=\"0\" data-gt-loop=\"true\" data-gt-speed=\"1000\" data-gt-direction=\"horizontal\" data-gt-effect=\"fade\" data-gt-centered-slides=\"false\" data-gt-free-mode=\"false\"><div class=\"swiper-wrapper\"><div class=\"swiper-slide\" data-swiper-autoplay=\"15000\"><div class=\"gt-image\" style=\"background-image:url(https:\/\/immigrantintegration.org\/archived\/2024\/wp-content\/uploads\/2023\/09\/main_bg_image-1920x1100.jpg);\"><div class=\"gt-opacity\" style=\"opacity: 0.4; background-color: #000000;\"><\/div><\/div><\/div><\/div><\/div><div class=\"gt-slider-content\"><\/div><div class=\"gt-counter\"><div class=\"gt-counter-inner\"><div class=\"gt-day\"><div class=\"wrapper\"><div class=\"gt-count\" id=\"gt-day-count-74068\"><\/div><div class=\"gt-title\">Days<\/div><\/div><\/div><div class=\"gt-hour\"><div class=\"wrapper\"><div class=\"gt-count\" id=\"gt-hour-count-74068\"><\/div><div class=\"gt-title\">Hours<\/div><\/div><\/div><div class=\"gt-minute\"><div class=\"wrapper\"><div class=\"gt-count\" id=\"gt-minute-count-74068\"><\/div><div class=\"gt-title\">Minutes<\/div><\/div><\/div><div class=\"gt-second\"><div class=\"wrapper\"><div class=\"gt-count\" id=\"gt-second-count-74068\"><\/div><div class=\"gt-title\">Seconds<\/div><\/div><\/div><\/div><script type='text\/javascript'>\r\n\t\t\t\t\t\t\t\tjQuery(document).ready(function($){\r\n\t\t\t\t\t\t\t\t\t$('.gt-counter-inner').countdown('2024\/10\/16 14:00:00', function(event) {\r\n\t\t\t\t\t\t\t\t\t\t$('#gt-day-count-74068').html(event.strftime('%D'));\r\n\t\t\t\t\t\t\t\t\t\t$('#gt-hour-count-74068').html(event.strftime('%H'));\r\n\t\t\t\t\t\t\t\t\t\t$('#gt-minute-count-74068').html(event.strftime('%M'));\r\n\t\t\t\t\t\t\t\t\t\t$('#gt-second-count-74068').html(event.strftime('%S'));\r\n\t\t\t\t\t\t\t\t\t});\r\n\t\t\t\t\t\t\t\t});\r\n\t\t\t\t\t\t\t<\/script><\/div><\/div>[\/vc_column][\/vc_row][vc_row][vc_column][vc_empty_space height=&#8221;10px&#8221;][vc_single_image image=&#8221;3591&#8243; alignment=&#8221;center&#8221;][vc_separator][\/vc_column][\/vc_row][vc_row el_id=&#8221;About&#8221;][vc_column][vc_empty_space height=&#8221;10px&#8221;]<div class=\"gt-heading gt-dark gt-size1 gt-align-center\"><div class=\"gt-title\"><span>Conferencia de Integraci\u00f3n de Inmigrantes<\/span><\/div><\/div><div class=\"gt-heading gt-dark gt-size1 gt-align-center\"><div class=\"gt-title\"><span>Octubre 16 - 18, 2024<\/span><\/div><div class=\"gt-separate\"><div class=\"gt-icon\"><svg xmlns=\"http:\/\/www.w3.org\/2000\/svg\" viewBox=\"0 0 24 24\" fill=\"none\" stroke=\"currentColor\" stroke-width=\"2\" stroke-linecap=\"round\" stroke-linejoin=\"round\"><line x1=\"16.5\" y1=\"9.4\" x2=\"7.5\" y2=\"4.21\"><\/line><path d=\"M21 16V8a2 2 0 0 0-1-1.73l-7-4a2 2 0 0 0-2 0l-7 4A2 2 0 0 0 3 8v8a2 2 0 0 0 1 1.73l7 4a2 2 0 0 0 2 0l7-4A2 2 0 0 0 21 16z\"><\/path><polyline points=\"3.27 6.96 12 12.01 20.73 6.96\"><\/polyline><line x1=\"12\" y1=\"22.08\" x2=\"12\" y2=\"12\"><\/line><\/svg><\/div><\/div><\/div>[vc_empty_space height=&#8221;25px&#8221;][vc_video link=&#8221;https:\/\/www.youtube.com\/live\/W-OopuQLb10&#8243; align=&#8221;center&#8221;][vc_empty_space height=&#8221;25px&#8221;][vc_empty_space height=&#8221;25px&#8221;][vc_column_text]<\/p>\n<p style=\"text-align: center;\">\u00danase a la Conferencia de Integraci\u00f3n de Inmigrantes 2024, organizada por IACO, del 16 al 18 de octubre para celebrar el 25\u00ba aniversario de la organizaci\u00f3n. Este evento ofrece talleres, mesas redondas y oportunidades de networking para apoyar la integraci\u00f3n de inmigrantes en los Estados Unidos, conectando con l\u00edderes comunitarios y consulares.<\/p>\n<p>[\/vc_column_text][vc_empty_space height=&#8221;25px&#8221;][vc_row_inner equal_height=&#8221;yes&#8221;][vc_column_inner width=&#8221;1\/3&#8243;]<div class=\"gt-eventchamp-service-box gt-style-1 gt-align-center\"><div class=\"gt-icon\"><a href=\"https:\/\/immigrantintegration.org\/immigrant-conference-dia1\/\" target=\"_blank\"><\/a><svg xmlns=\"http:\/\/www.w3.org\/2000\/svg\" viewBox=\"0 0 24 24\" fill=\"none\" stroke=\"currentColor\" stroke-width=\"1\" stroke-linecap=\"round\" stroke-linejoin=\"round\"><rect x=\"3\" y=\"4\" width=\"18\" height=\"18\" rx=\"2\" ry=\"2\"><\/rect><line x1=\"16\" y1=\"2\" x2=\"16\" y2=\"6\"><\/line><line x1=\"8\" y1=\"2\" x2=\"8\" y2=\"6\"><\/line><line x1=\"3\" y1=\"10\" x2=\"21\" y2=\"10\"><\/line><\/svg><\/div><div class=\"gt-title\"><a href=\"https:\/\/immigrantintegration.org\/immigrant-conference-dia1\/\" target=\"_blank\" class=\"button-link\">DIA 1<\/a><\/div><\/div>[vc_column_text css=&#8221;.vc_custom_1725459006416{margin-bottom: 0px !important;}&#8221;]<\/p>\n<p style=\"text-align: center; margin: 0px; font-size: 20px;\"><span style=\"color: #182764;\"><strong>OCTUBRE 16<\/strong><\/span><\/p>\n<p>[\/vc_column_text][vc_empty_space height=&#8221;10px&#8221;][vc_column_text css=&#8221;.vc_custom_1725628224761{margin-bottom: 0px !important;}&#8221;]<\/p>\n<p class=\"cvGsUA direction-ltr align-center para-style-body\" style=\"text-align: center;\"><span style=\"color: #c53439;\"><strong><span class=\"OYPEnA font-feature-liga-off font-feature-clig-off font-feature-calt-off text-decoration-none text-strikethrough-none\">CAMPA\u00d1A DE CIUDADANIA<\/span><\/strong><\/span><\/p>\n<p class=\"cvGsUA direction-ltr align-center para-style-body\" style=\"text-align: center;\"><span style=\"color: #c53439;\"><strong><span class=\"OYPEnA font-feature-liga-off font-feature-clig-off font-feature-calt-off text-decoration-none text-strikethrough-none\">EVALUACIONES GRATUITAS DE ELEGIBILIDAD PARA LA NATURALIZACION<\/span><\/strong><\/span><\/p>\n<p class=\"cvGsUA direction-ltr align-center para-style-body\" style=\"text-align: center;\"><span style=\"color: #c53439;\"><strong><span class=\"OYPEnA font-feature-liga-off font-feature-clig-off font-feature-calt-off text-decoration-none text-strikethrough-none\">MESA REDONDA SOBRE LA VIOLENCIA DOMESTICA, DELITOS Y TRATA DE PERSONAS<\/span><\/strong><\/span><\/p>\n<p>[\/vc_column_text][vc_empty_space height=&#8221;15px&#8221;][vc_btn title=&#8221;Leer M\u00e1s&#8221; color=&#8221;juicy-pink&#8221; size=&#8221;lg&#8221; align=&#8221;center&#8221; i_icon_fontawesome=&#8221;fas fa-tasks&#8221; add_icon=&#8221;true&#8221; link=&#8221;url:https%3A%2F%2Fimmigrantintegration.org%2Fimmigrant-conference-dia1%2F&#8221;][\/vc_column_inner][vc_column_inner width=&#8221;1\/3&#8243;]<div class=\"gt-eventchamp-service-box gt-style-1 gt-align-center\"><div class=\"gt-icon\"><a href=\"https:\/\/immigrantintegration.org\/immigrant-conference-dia2\/\" target=\"_blank\"><\/a><svg xmlns=\"http:\/\/www.w3.org\/2000\/svg\" viewBox=\"0 0 24 24\" fill=\"none\" stroke=\"currentColor\" stroke-width=\"1\" stroke-linecap=\"round\" stroke-linejoin=\"round\"><rect x=\"3\" y=\"4\" width=\"18\" height=\"18\" rx=\"2\" ry=\"2\"><\/rect><line x1=\"16\" y1=\"2\" x2=\"16\" y2=\"6\"><\/line><line x1=\"8\" y1=\"2\" x2=\"8\" y2=\"6\"><\/line><line x1=\"3\" y1=\"10\" x2=\"21\" y2=\"10\"><\/line><\/svg><\/div><div class=\"gt-title\"><a href=\"https:\/\/immigrantintegration.org\/immigrant-conference-dia2\/\" target=\"_blank\" class=\"button-link\">DIA 2<\/a><\/div><\/div>[vc_column_text css=&#8221;.vc_custom_1725459128029{margin-bottom: 0px !important;}&#8221;]<\/p>\n<p style=\"text-align: center; margin: 0px; font-size: 20px;\"><span style=\"color: #182764;\"><strong>OCTUBRE 17<\/strong><\/span><\/p>\n<p>[\/vc_column_text][vc_empty_space height=&#8221;10px&#8221;][vc_column_text css=&#8221;.vc_custom_1725628323058{margin-bottom: 0px !important;}&#8221;]<\/p>\n<p class=\"cvGsUA direction-ltr align-center para-style-body\" style=\"text-align: center;\"><span style=\"color: #c53439;\"><strong><span class=\"OYPEnA font-feature-liga-off font-feature-clig-off font-feature-calt-off text-decoration-none text-strikethrough-none\">FERIA CONSULAR<\/span><\/strong><\/span><\/p>\n<p class=\"cvGsUA direction-ltr align-center para-style-body\" style=\"text-align: center;\"><span style=\"color: #c53439;\"><strong><span class=\"OYPEnA font-feature-liga-off font-feature-clig-off font-feature-calt-off text-decoration-none text-strikethrough-none\">SERVICIOS DE PROVEEDORES Y AGENGIAS GUBERNAMENTALES<\/span><\/strong><\/span><\/p>\n<p class=\"cvGsUA direction-ltr align-center para-style-body\" style=\"text-align: center;\"><span style=\"color: #c53439;\"><strong><span class=\"OYPEnA font-feature-liga-off font-feature-clig-off font-feature-calt-off text-decoration-none text-strikethrough-none\">MESA REDONDA<\/span><\/strong><\/span><\/p>\n<p>[\/vc_column_text][vc_empty_space height=&#8221;45px&#8221;][vc_btn title=&#8221;Leer M\u00e1s&#8221; color=&#8221;juicy-pink&#8221; size=&#8221;lg&#8221; align=&#8221;center&#8221; i_icon_fontawesome=&#8221;fas fa-tasks&#8221; add_icon=&#8221;true&#8221; link=&#8221;url:https%3A%2F%2Fimmigrantintegration.org%2Fimmigrant-conference-dia2%2F&#8221;][\/vc_column_inner][vc_column_inner width=&#8221;1\/3&#8243;]<div class=\"gt-eventchamp-service-box gt-style-1 gt-align-center\"><div class=\"gt-icon\"><a href=\"https:\/\/immigrantintegration.org\/immigrant-conference-dia3\/\" target=\"_blank\"><\/a><svg xmlns=\"http:\/\/www.w3.org\/2000\/svg\" viewBox=\"0 0 24 24\" fill=\"none\" stroke=\"currentColor\" stroke-width=\"1\" stroke-linecap=\"round\" stroke-linejoin=\"round\"><rect x=\"3\" y=\"4\" width=\"18\" height=\"18\" rx=\"2\" ry=\"2\"><\/rect><line x1=\"16\" y1=\"2\" x2=\"16\" y2=\"6\"><\/line><line x1=\"8\" y1=\"2\" x2=\"8\" y2=\"6\"><\/line><line x1=\"3\" y1=\"10\" x2=\"21\" y2=\"10\"><\/line><\/svg><\/div><div class=\"gt-title\"><a href=\"https:\/\/immigrantintegration.org\/immigrant-conference-dia3\/\" target=\"_blank\" class=\"button-link\">DIA 3<\/a><\/div><\/div>[vc_column_text css=&#8221;.vc_custom_1725459223823{margin-bottom: 0px !important;}&#8221;]<\/p>\n<p style=\"text-align: center; margin: 0px; font-size: 20px;\"><span style=\"color: #182764;\"><strong>OCTUBRE 18<\/strong><\/span><\/p>\n<p>[\/vc_column_text][vc_empty_space height=&#8221;10px&#8221;][vc_column_text css=&#8221;.vc_custom_1725640307846{margin-bottom: 0px !important;}&#8221;]<\/p>\n<p class=\"cvGsUA direction-ltr align-center para-style-body\" style=\"text-align: center;\"><span style=\"color: #c53439;\"><strong><span class=\"OYPEnA font-feature-liga-off font-feature-clig-off font-feature-calt-off text-decoration-none text-strikethrough-none\">CELEBRACION DE ANIVERSARIO DE LOS 25 A\u00d1OS<\/span><\/strong><\/span><\/p>\n<p class=\"cvGsUA direction-ltr align-center para-style-body\" style=\"text-align: center;\"><span style=\"color: #c53439;\"><strong><span class=\"OYPEnA font-feature-liga-off font-feature-clig-off font-feature-calt-off text-decoration-none text-strikethrough-none\">CEREMONIA DE ENTREGA DE BECAS UNIVERSITARIAS<\/span><\/strong><\/span><\/p>\n<p class=\"cvGsUA direction-ltr align-center para-style-body\" style=\"text-align: center;\"><span style=\"color: #c53439;\"><strong><span class=\"OYPEnA font-feature-liga-off font-feature-clig-off font-feature-calt-off text-decoration-none text-strikethrough-none\">PRESENTACIONES CULTURALES<\/span><\/strong><\/span><\/p>\n<p>[\/vc_column_text][vc_empty_space height=&#8221;45px&#8221;][vc_btn title=&#8221;Leer M\u00e1s&#8221; color=&#8221;juicy-pink&#8221; size=&#8221;lg&#8221; align=&#8221;center&#8221; i_icon_fontawesome=&#8221;fas fa-tasks&#8221; add_icon=&#8221;true&#8221; link=&#8221;url:https%3A%2F%2Fimmigrantintegration.org%2Fimmigrant-conference-dia3%2F&#8221;][\/vc_column_inner][\/vc_row_inner][vc_empty_space height=&#8221;25px&#8221;][\/vc_column][\/vc_row][vc_row][vc_column][vc_single_image image=&#8221;4409&#8243; img_size=&#8221;medium&#8221; alignment=&#8221;center&#8221;]<div class=\"gt-heading gt-dark gt-size1 gt-align-center\"><div class=\"gt-title\"><span>Fundadores y Junta Directiva<\/span><\/div><div class=\"gt-separate\"><div class=\"gt-icon\"><svg xmlns=\"http:\/\/www.w3.org\/2000\/svg\" viewBox=\"0 0 24 24\" fill=\"none\" stroke=\"currentColor\" stroke-width=\"2\" stroke-linecap=\"round\" stroke-linejoin=\"round\"><path d=\"M17 21v-2a4 4 0 0 0-4-4H5a4 4 0 0 0-4 4v2\"><\/path><circle cx=\"9\" cy=\"7\" r=\"4\"><\/circle><path d=\"M23 21v-2a4 4 0 0 0-3-3.87\"><\/path><path d=\"M16 3.13a4 4 0 0 1 0 7.75\"><\/path><\/svg><\/div><\/div><\/div>[vc_empty_space height=&#8221;25px&#8221;][\/vc_column][\/vc_row][vc_row][vc_column width=&#8221;1\/4&#8243;][vc_single_image image=&#8221;4021&#8243; alignment=&#8221;center&#8221; onclick=&#8221;custom_link&#8221; link=&#8221;https:\/\/immigrantintegration.org\/speaker\/gustavo-ramirez\/&#8221;][vc_column_text css=&#8221;.vc_custom_1727489899363{margin-bottom: 0px !important;}&#8221;]<\/p>\n<p style=\"text-align: center; margin: 0px; font-size: 16px;\"><a href=\"https:\/\/immigrantintegration.org\/speaker\/gustavo-ramirez\/\"><span style=\"color: #182764;\"><strong>Gustavo Ramirez<\/strong><\/span><\/a><\/p>\n<p>[\/vc_column_text][vc_column_text css=&#8221;.vc_custom_1727489913420{margin-bottom: 0px !important;}&#8221;]<\/p>\n<p style=\"text-align: center; margin: 0px; font-size: 14px;\"><a href=\"https:\/\/immigrantintegration.org\/speaker\/gustavo-ramirez\/\"><span style=\"color: #182764;\">Fundador y Director Ejecutivo<\/span><\/a><\/p>\n<p>[\/vc_column_text][vc_empty_space height=&#8221;35px&#8221;][\/vc_column][vc_column width=&#8221;1\/4&#8243;][vc_single_image image=&#8221;4276&#8243; alignment=&#8221;center&#8221; onclick=&#8221;custom_link&#8221; link=&#8221;https:\/\/immigrantintegration.org\/speaker\/mabel-ramirez\/&#8221;][vc_column_text css=&#8221;.vc_custom_1727490021945{margin-bottom: 0px !important;}&#8221;]<\/p>\n<p style=\"text-align: center; margin: 0px; font-size: 16px;\"><a href=\"https:\/\/immigrantintegration.org\/speaker\/mabel-ramirez\/\"><span style=\"color: #182764;\"><strong>Mabel Ramirez (\u2020)<\/strong><\/span><\/a><\/p>\n<p>[\/vc_column_text][vc_column_text css=&#8221;.vc_custom_1727490033695{margin-bottom: 0px !important;}&#8221;]<\/p>\n<p style=\"text-align: center; margin: 0px; font-size: 14px;\"><a href=\"https:\/\/immigrantintegration.org\/speaker\/mabel-ramirez\/\"><span style=\"color: #182764;\">Fundadora, Ex-miembro de la Junta Directiva<\/span><\/a><\/p>\n<p>[\/vc_column_text][vc_empty_space height=&#8221;35px&#8221;][\/vc_column][vc_column width=&#8221;1\/4&#8243;][vc_single_image image=&#8221;4484&#8243; alignment=&#8221;center&#8221; onclick=&#8221;custom_link&#8221; link=&#8221;https:\/\/immigrantintegration.org\/speaker\/edna-bernal\/&#8221;][vc_column_text css=&#8221;.vc_custom_1728569496663{margin-bottom: 0px !important;}&#8221;]<\/p>\n<p style=\"text-align: center; margin: 0px; font-size: 16px;\"><a href=\"https:\/\/immigrantintegration.org\/speaker\/edna-bernal\/\"><span style=\"color: #182764;\"><strong>Edna Bernal<\/strong><\/span><\/a><\/p>\n<p>[\/vc_column_text][vc_column_text css=&#8221;.vc_custom_1728569507218{margin-bottom: 0px !important;}&#8221;]<\/p>\n<p style=\"text-align: center; margin: 0px; font-size: 14px;\"><a href=\"https:\/\/immigrantintegration.org\/speaker\/edna-bernal\/\"><span style=\"color: #182764;\">Fundadora, Ex Miembro de la Junta Directiva<\/span><\/a><\/p>\n<p>[\/vc_column_text][vc_empty_space height=&#8221;35px&#8221;][\/vc_column][vc_column width=&#8221;1\/4&#8243;][vc_single_image image=&#8221;4275&#8243; alignment=&#8221;center&#8221; onclick=&#8221;custom_link&#8221; link=&#8221;https:\/\/immigrantintegration.org\/speaker\/esperanza-torres\/&#8221;][vc_column_text css=&#8221;.vc_custom_1727732732594{margin-bottom: 0px !important;}&#8221;]<\/p>\n<p style=\"text-align: center; margin: 0px; font-size: 16px;\"><a href=\"https:\/\/immigrantintegration.org\/speaker\/esperanza-torres\/\"><span style=\"color: #182764;\"><strong>Esperanza Torres<\/strong><\/span><\/a><\/p>\n<p>[\/vc_column_text][vc_column_text css=&#8221;.vc_custom_1727732762749{margin-bottom: 0px !important;}&#8221;]<\/p>\n<p style=\"text-align: center; margin: 0px; font-size: 14px;\"><a href=\"https:\/\/immigrantintegration.org\/speaker\/esperanza-torres\/\"><span style=\"color: #182764;\">Fundadora y Directora de Programas<\/span><\/a><\/p>\n<p>[\/vc_column_text][vc_empty_space height=&#8221;35px&#8221;][\/vc_column][\/vc_row][vc_row][vc_column width=&#8221;1\/4&#8243;][vc_single_image image=&#8221;4025&#8243; alignment=&#8221;center&#8221; onclick=&#8221;custom_link&#8221; link=&#8221;https:\/\/immigrantintegration.org\/speaker\/lorenzo-hernandez\/&#8221;][vc_column_text css=&#8221;.vc_custom_1727490076748{margin-bottom: 0px !important;}&#8221;]<\/p>\n<p style=\"text-align: center; margin: 0px; font-size: 16px;\"><a href=\"https:\/\/immigrantintegration.org\/speaker\/lorenzo-hernandez\/\"><span style=\"color: #182764;\"><strong>Lorenzo Hernandez<\/strong><\/span><\/a><\/p>\n<p>[\/vc_column_text][vc_column_text css=&#8221;.vc_custom_1727490090446{margin-bottom: 0px !important;}&#8221;]<\/p>\n<p style=\"text-align: center; margin: 0px; font-size: 14px;\"><a href=\"https:\/\/immigrantintegration.org\/speaker\/lorenzo-hernandez\/\"><span style=\"color: #182764;\">Fundador y Presidente de la Junta Directiva<\/span><\/a><\/p>\n<p>[\/vc_column_text][vc_empty_space height=&#8221;35px&#8221;][\/vc_column][vc_column width=&#8221;1\/4&#8243;][vc_single_image image=&#8221;4014&#8243; alignment=&#8221;center&#8221; onclick=&#8221;custom_link&#8221; link=&#8221;https:\/\/immigrantintegration.org\/speaker\/mark-parry\/&#8221;][vc_column_text css=&#8221;.vc_custom_1727490154223{margin-bottom: 0px !important;}&#8221;]<\/p>\n<p style=\"text-align: center; margin: 0px; font-size: 16px;\"><a href=\"https:\/\/immigrantintegration.org\/speaker\/mark-parry\/\"><span style=\"color: #182764;\"><strong>Mark Parry<\/strong><\/span><\/a><\/p>\n<p>[\/vc_column_text][vc_column_text css=&#8221;.vc_custom_1727490167976{margin-bottom: 0px !important;}&#8221;]<\/p>\n<p style=\"text-align: center; margin: 0px; font-size: 14px;\"><a href=\"https:\/\/immigrantintegration.org\/speaker\/mark-parry\/\"><span style=\"color: #182764;\">Fundador y Secretario de la Junta Directiva<\/span><\/a><\/p>\n<p>[\/vc_column_text][vc_empty_space height=&#8221;35px&#8221;][\/vc_column][vc_column width=&#8221;1\/4&#8243;][vc_single_image image=&#8221;4086&#8243; alignment=&#8221;center&#8221; onclick=&#8221;custom_link&#8221; link=&#8221;https:\/\/immigrantintegration.org\/speaker\/daniel-santo\/&#8221;][vc_column_text css=&#8221;.vc_custom_1727490217175{margin-bottom: 0px !important;}&#8221;]<\/p>\n<p style=\"text-align: center; margin: 0px; font-size: 16px;\"><a href=\"https:\/\/immigrantintegration.org\/speaker\/daniel-santo\/\"><span style=\"color: #182764;\"><strong>Daniel Santo-Prieto<\/strong><\/span><\/a><\/p>\n<p>[\/vc_column_text][vc_column_text css=&#8221;.vc_custom_1727490229273{margin-bottom: 0px !important;}&#8221;]<\/p>\n<p style=\"text-align: center; margin: 0px; font-size: 14px;\"><a href=\"https:\/\/immigrantintegration.org\/speaker\/daniel-santo\/\"><span style=\"color: #182764;\">Fundador y Tesorero de la Junta Directiva<\/span><\/a><\/p>\n<p>[\/vc_column_text][vc_empty_space height=&#8221;35px&#8221;][\/vc_column][vc_column width=&#8221;1\/4&#8243;][vc_single_image image=&#8221;4031&#8243; alignment=&#8221;center&#8221; onclick=&#8221;custom_link&#8221; link=&#8221;https:\/\/immigrantintegration.org\/speaker\/carlos-m-gonzalez\/&#8221;][vc_column_text css=&#8221;.vc_custom_1727490376576{margin-bottom: 0px !important;}&#8221;]<\/p>\n<p style=\"text-align: center; margin: 0px; font-size: 16px;\"><span style=\"color: #182764;\"><strong>Carlos M. Gonzalez<\/strong><\/span><\/p>\n<p>[\/vc_column_text][vc_column_text css=&#8221;.vc_custom_1727490357976{margin-bottom: 0px !important;}&#8221;]<\/p>\n<p style=\"text-align: center; margin: 0px; font-size: 14px;\"><a href=\"https:\/\/immigrantintegration.org\/speaker\/carlos-m-gonzalez\/\"><span style=\"color: #182764;\">Fundador y Vice-Presidente de la Junta Directiva<\/span><\/a><\/p>\n<p>[\/vc_column_text][vc_empty_space height=&#8221;35px&#8221;][\/vc_column][\/vc_row][vc_row][vc_column width=&#8221;1\/5&#8243;][vc_single_image image=&#8221;4042&#8243; alignment=&#8221;center&#8221; onclick=&#8221;custom_link&#8221; link=&#8221;https:\/\/immigrantintegration.org\/speaker\/victor-javier-solano\/&#8221;][vc_column_text css=&#8221;.vc_custom_1727491090078{margin-bottom: 0px !important;}&#8221;]<\/p>\n<p style=\"text-align: center; margin: 0px; font-size: 16px;\"><a href=\"https:\/\/immigrantintegration.org\/speaker\/victor-javier-solano\/\"><span style=\"color: #182764;\"><strong>Victor Javier Solano<\/strong><\/span><\/a><\/p>\n<p>[\/vc_column_text][vc_column_text css=&#8221;.vc_custom_1727491065243{margin-bottom: 0px !important;}&#8221;]<\/p>\n<p style=\"text-align: center; margin: 0px; font-size: 14px;\"><a href=\"https:\/\/immigrantintegration.org\/speaker\/victor-javier-solano\/\"><span style=\"color: #182764;\">Miembro de la Junta Directiva<\/span><\/a><\/p>\n<p>[\/vc_column_text][vc_empty_space height=&#8221;35px&#8221;][\/vc_column][vc_column width=&#8221;1\/5&#8243;][vc_single_image image=&#8221;4087&#8243; alignment=&#8221;center&#8221; onclick=&#8221;custom_link&#8221; link=&#8221;https:\/\/immigrantintegration.org\/speaker\/juana-inurritegui\/&#8221;][vc_column_text css=&#8221;.vc_custom_1727491159503{margin-bottom: 0px !important;}&#8221;]<\/p>\n<p style=\"text-align: center; margin: 0px; font-size: 16px;\"><a href=\"https:\/\/immigrantintegration.org\/speaker\/juana-inurritegui\/\"><span style=\"color: #182764;\"><strong>Juana I. Inurritegui<\/strong><\/span><\/a><\/p>\n<p>[\/vc_column_text][vc_column_text css=&#8221;.vc_custom_1727491170420{margin-bottom: 0px !important;}&#8221;]<\/p>\n<p style=\"text-align: center; margin: 0px; font-size: 14px;\"><a href=\"https:\/\/immigrantintegration.org\/speaker\/juana-inurritegui\/\"><span style=\"color: #182764;\">Miembro de la Junta Directiva\u00a0<\/span><\/a><\/p>\n<p>[\/vc_column_text][vc_empty_space height=&#8221;35px&#8221;][\/vc_column][vc_column width=&#8221;1\/5&#8243;][vc_single_image image=&#8221;4085&#8243; alignment=&#8221;center&#8221; onclick=&#8221;custom_link&#8221; link=&#8221;https:\/\/immigrantintegration.org\/speaker\/jimena-ladino\/&#8221;][vc_column_text css=&#8221;.vc_custom_1727491212821{margin-bottom: 0px !important;}&#8221;]<\/p>\n<p style=\"text-align: center; margin: 0px; font-size: 16px;\"><a href=\"https:\/\/immigrantintegration.org\/speaker\/jimena-ladino\/\"><span style=\"color: #182764;\"><strong>Jimena Ladino<\/strong><\/span><\/a><\/p>\n<p>[\/vc_column_text][vc_column_text css=&#8221;.vc_custom_1727491239601{margin-bottom: 0px !important;}&#8221;]<\/p>\n<p style=\"text-align: center; margin: 0px; font-size: 14px;\"><a href=\"https:\/\/immigrantintegration.org\/speaker\/jimena-ladino\/\"><span style=\"color: #182764;\">Miembro de la Junta Directiva<\/span><\/a><\/p>\n<p>[\/vc_column_text][vc_empty_space height=&#8221;35px&#8221;][\/vc_column][vc_column width=&#8221;1\/5&#8243;][vc_single_image image=&#8221;4339&#8243; alignment=&#8221;center&#8221; onclick=&#8221;custom_link&#8221; link=&#8221;https:\/\/immigrantintegration.org\/speaker\/sandra-banguero\/&#8221;][vc_column_text css=&#8221;.vc_custom_1727491287635{margin-bottom: 0px !important;}&#8221;]<\/p>\n<p style=\"text-align: center; margin: 0px; font-size: 16px;\"><a href=\"https:\/\/immigrantintegration.org\/speaker\/sandra-banguero\/\"><span style=\"color: #182764;\"><strong>Sandra Banguero<\/strong><\/span><\/a><\/p>\n<p>[\/vc_column_text][vc_column_text css=&#8221;.vc_custom_1727491299001{margin-bottom: 0px !important;}&#8221;]<\/p>\n<p style=\"text-align: center; margin: 0px; font-size: 14px;\"><a href=\"https:\/\/immigrantintegration.org\/speaker\/sandra-banguero\/\"><span style=\"color: #182764;\">Miembro de la Junta Directiva<\/span><\/a><\/p>\n<p>[\/vc_column_text][vc_empty_space height=&#8221;35px&#8221;][\/vc_column][vc_column width=&#8221;1\/5&#8243;][vc_single_image image=&#8221;4344&#8243; alignment=&#8221;center&#8221; onclick=&#8221;custom_link&#8221; link=&#8221;https:\/\/immigrantintegration.org\/speaker\/luis-grados\/&#8221;][vc_column_text css=&#8221;.vc_custom_1727491320934{margin-bottom: 0px !important;}&#8221;]<\/p>\n<p style=\"text-align: center; margin: 0px; font-size: 16px;\"><a href=\"https:\/\/immigrantintegration.org\/speaker\/luis-grados\/\"><span style=\"color: #182764;\"><strong>Luis Grados<\/strong><\/span><\/a><\/p>\n<p>[\/vc_column_text][vc_column_text css=&#8221;.vc_custom_1727491346351{margin-bottom: 0px !important;}&#8221;]<\/p>\n<p style=\"text-align: center; margin: 0px; font-size: 14px;\"><a href=\"https:\/\/immigrantintegration.org\/speaker\/luis-grados\/\"><span style=\"color: #182764;\">Miembro de la Junta Directiva<\/span><\/a><\/p>\n<p>[\/vc_column_text][vc_empty_space height=&#8221;35px&#8221;][\/vc_column][\/vc_row][vc_row full_width=&#8221;stretch_row&#8221; disable_element=&#8221;yes&#8221; css=&#8221;.vc_custom_1725627864203{background-color: #f9f9f9 !important;}&#8221; el_id=&#8221;Speakers&#8221;][vc_column][vc_empty_space height=&#8221;25px&#8221;]<div class=\"gt-heading gt-dark gt-size1 gt-align-center\"><div class=\"gt-title\"><span>Fundadores y Junta Directiva<\/span><\/div><div class=\"gt-separate\"><div class=\"gt-icon\"><svg xmlns=\"http:\/\/www.w3.org\/2000\/svg\" viewBox=\"0 0 24 24\" fill=\"none\" stroke=\"currentColor\" stroke-width=\"2\" stroke-linecap=\"round\" stroke-linejoin=\"round\"><path d=\"M17 21v-2a4 4 0 0 0-4-4H5a4 4 0 0 0-4 4v2\"><\/path><circle cx=\"9\" cy=\"7\" r=\"4\"><\/circle><path d=\"M23 21v-2a4 4 0 0 0-3-3.87\"><\/path><path d=\"M16 3.13a4 4 0 0 1 0 7.75\"><\/path><\/svg><\/div><\/div><\/div>[vc_empty_space height=&#8221;25px&#8221;]<div class=\"gt-get-event-content\"><div class=\"gt-speakers gt-columns gt-column-6 gt-column-space-20\"><div class=\"gt-col\"><div class=\"gt-inner\"><div class=\"gt-speaker gt-style-4\"><div class=\"gt-image\"><a href=\"https:\/\/immigrantintegration.org\/archived\/2024\/speaker\/lorenzo-hernandez\/\"><img fetchpriority=\"high\" decoding=\"async\" width=\"350\" height=\"350\" src=\"https:\/\/immigrantintegration.org\/archived\/2024\/wp-content\/uploads\/2024\/07\/LH-Profile-Picture-350x350.png\" class=\"attachment-eventchamp-thumbnail size-eventchamp-thumbnail\" alt=\"\" srcset=\"https:\/\/immigrantintegration.org\/archived\/2024\/wp-content\/uploads\/2024\/07\/LH-Profile-Picture-350x350.png 350w, https:\/\/immigrantintegration.org\/archived\/2024\/wp-content\/uploads\/2024\/07\/LH-Profile-Picture-300x300.png 300w, https:\/\/immigrantintegration.org\/archived\/2024\/wp-content\/uploads\/2024\/07\/LH-Profile-Picture-150x150.png 150w, https:\/\/immigrantintegration.org\/archived\/2024\/wp-content\/uploads\/2024\/07\/LH-Profile-Picture-85x85.png 85w, https:\/\/immigrantintegration.org\/archived\/2024\/wp-content\/uploads\/2024\/07\/LH-Profile-Picture.png 600w\" sizes=\"(max-width: 350px) 100vw, 350px\" \/><\/a><\/div><div class=\"gt-content\"><a href=\"https:\/\/immigrantintegration.org\/archived\/2024\/speaker\/lorenzo-hernandez\/\"><\/a><div class=\"gt-name\"><a href=\"https:\/\/immigrantintegration.org\/archived\/2024\/speaker\/lorenzo-hernandez\/\">Lorenzo Hernandez<\/a><\/div><div class=\"gt-profession\">Presidente de la Junta Directiva<\/div><div class=\"gt-company\">IACO Immigration and American Citizenship Organization<\/div><\/div><\/div><\/div><\/div><div class=\"gt-col\"><div class=\"gt-inner\"><div class=\"gt-speaker gt-style-4\"><div class=\"gt-image\"><a href=\"https:\/\/immigrantintegration.org\/archived\/2024\/speaker\/carlos-m-gonzalez\/\"><img decoding=\"async\" width=\"48\" height=\"64\" src=\"https:\/\/immigrantintegration.org\/archived\/2024\/wp-includes\/images\/media\/default.svg\" class=\"attachment-eventchamp-thumbnail size-eventchamp-thumbnail\" alt=\"\" 0=\"\" \/><\/a><\/div><div class=\"gt-content\"><a href=\"https:\/\/immigrantintegration.org\/archived\/2024\/speaker\/carlos-m-gonzalez\/\"><\/a><div class=\"gt-name\"><a href=\"https:\/\/immigrantintegration.org\/archived\/2024\/speaker\/carlos-m-gonzalez\/\">Carlos M. Gonzalez<\/a><\/div><div class=\"gt-profession\">Vice-Presidente de la Junta Directiva, Consejal de la Ciudad de Newark y Abogado de Inmigraci\u00f3n<\/div><div class=\"gt-company\">IACO Immigration and American Citizenship Organization<\/div><\/div><\/div><\/div><\/div><div class=\"gt-col\"><div class=\"gt-inner\"><div class=\"gt-speaker gt-style-4\"><div class=\"gt-image\"><a href=\"https:\/\/immigrantintegration.org\/archived\/2024\/speaker\/daniel-santo\/\"><img decoding=\"async\" width=\"350\" height=\"350\" src=\"https:\/\/immigrantintegration.org\/archived\/2024\/wp-content\/uploads\/2024\/07\/DSP-Profile-Picture-350x350.png\" class=\"attachment-eventchamp-thumbnail size-eventchamp-thumbnail\" alt=\"\" srcset=\"https:\/\/immigrantintegration.org\/archived\/2024\/wp-content\/uploads\/2024\/07\/DSP-Profile-Picture-350x350.png 350w, https:\/\/immigrantintegration.org\/archived\/2024\/wp-content\/uploads\/2024\/07\/DSP-Profile-Picture-300x300.png 300w, https:\/\/immigrantintegration.org\/archived\/2024\/wp-content\/uploads\/2024\/07\/DSP-Profile-Picture-150x150.png 150w, https:\/\/immigrantintegration.org\/archived\/2024\/wp-content\/uploads\/2024\/07\/DSP-Profile-Picture-85x85.png 85w, https:\/\/immigrantintegration.org\/archived\/2024\/wp-content\/uploads\/2024\/07\/DSP-Profile-Picture.png 600w\" sizes=\"(max-width: 350px) 100vw, 350px\" \/><\/a><\/div><div class=\"gt-content\"><a href=\"https:\/\/immigrantintegration.org\/archived\/2024\/speaker\/daniel-santo\/\"><\/a><div class=\"gt-name\"><a href=\"https:\/\/immigrantintegration.org\/archived\/2024\/speaker\/daniel-santo\/\">Daniel Santo-Prieto<\/a><\/div><div class=\"gt-profession\">Fundador y Miembro de la Junta Directiva<\/div><div class=\"gt-company\">IACO Immigration and American Citizenship Organization<\/div><\/div><\/div><\/div><\/div><div class=\"gt-col\"><div class=\"gt-inner\"><div class=\"gt-speaker gt-style-4\"><div class=\"gt-image\"><a href=\"https:\/\/immigrantintegration.org\/archived\/2024\/speaker\/mark-parry\/\"><img decoding=\"async\" width=\"48\" height=\"64\" src=\"https:\/\/immigrantintegration.org\/archived\/2024\/wp-includes\/images\/media\/default.svg\" class=\"attachment-eventchamp-thumbnail size-eventchamp-thumbnail\" alt=\"\" 0=\"\" \/><\/a><\/div><div class=\"gt-content\"><a href=\"https:\/\/immigrantintegration.org\/archived\/2024\/speaker\/mark-parry\/\"><\/a><div class=\"gt-name\"><a href=\"https:\/\/immigrantintegration.org\/archived\/2024\/speaker\/mark-parry\/\">Mark Parry<\/a><\/div><div class=\"gt-profession\">Miembro de la Junta Directiva y Abogado de Inmigraci\u00f3n<\/div><div class=\"gt-company\">IACO Immigration and American Citizenship Organization<\/div><\/div><\/div><\/div><\/div><div class=\"gt-col\"><div class=\"gt-inner\"><div class=\"gt-speaker gt-style-4\"><div class=\"gt-image\"><a href=\"https:\/\/immigrantintegration.org\/archived\/2024\/speaker\/victor-javier-solano\/\"><img loading=\"lazy\" decoding=\"async\" width=\"350\" height=\"350\" src=\"https:\/\/immigrantintegration.org\/archived\/2024\/wp-content\/uploads\/2024\/07\/VJ-Profile-Picture-350x350.png\" class=\"attachment-eventchamp-thumbnail size-eventchamp-thumbnail\" alt=\"\" srcset=\"https:\/\/immigrantintegration.org\/archived\/2024\/wp-content\/uploads\/2024\/07\/VJ-Profile-Picture-350x350.png 350w, https:\/\/immigrantintegration.org\/archived\/2024\/wp-content\/uploads\/2024\/07\/VJ-Profile-Picture-300x300.png 300w, https:\/\/immigrantintegration.org\/archived\/2024\/wp-content\/uploads\/2024\/07\/VJ-Profile-Picture-150x150.png 150w, https:\/\/immigrantintegration.org\/archived\/2024\/wp-content\/uploads\/2024\/07\/VJ-Profile-Picture-85x85.png 85w, https:\/\/immigrantintegration.org\/archived\/2024\/wp-content\/uploads\/2024\/07\/VJ-Profile-Picture.png 600w\" sizes=\"(max-width: 350px) 100vw, 350px\" \/><\/a><\/div><div class=\"gt-content\"><a href=\"https:\/\/immigrantintegration.org\/archived\/2024\/speaker\/victor-javier-solano\/\"><\/a><div class=\"gt-name\"><a href=\"https:\/\/immigrantintegration.org\/archived\/2024\/speaker\/victor-javier-solano\/\">Victor Javier Solano<\/a><\/div><div class=\"gt-profession\">Miembro de la Junta Directiva y Presentador de noticias y reportero de Noticias Univision 41<\/div><div class=\"gt-company\">IACO y Noticias Univision 41<\/div><\/div><\/div><\/div><\/div><div class=\"gt-col\"><div class=\"gt-inner\"><div class=\"gt-speaker gt-style-4\"><div class=\"gt-image\"><a href=\"https:\/\/immigrantintegration.org\/archived\/2024\/speaker\/juana-inurritegui\/\"><img loading=\"lazy\" decoding=\"async\" width=\"350\" height=\"350\" src=\"https:\/\/immigrantintegration.org\/archived\/2024\/wp-content\/uploads\/2024\/07\/JI-Profile-Picture-350x350.png\" class=\"attachment-eventchamp-thumbnail size-eventchamp-thumbnail\" alt=\"\" srcset=\"https:\/\/immigrantintegration.org\/archived\/2024\/wp-content\/uploads\/2024\/07\/JI-Profile-Picture-350x350.png 350w, https:\/\/immigrantintegration.org\/archived\/2024\/wp-content\/uploads\/2024\/07\/JI-Profile-Picture-300x300.png 300w, https:\/\/immigrantintegration.org\/archived\/2024\/wp-content\/uploads\/2024\/07\/JI-Profile-Picture-150x150.png 150w, https:\/\/immigrantintegration.org\/archived\/2024\/wp-content\/uploads\/2024\/07\/JI-Profile-Picture-85x85.png 85w, https:\/\/immigrantintegration.org\/archived\/2024\/wp-content\/uploads\/2024\/07\/JI-Profile-Picture.png 600w\" sizes=\"(max-width: 350px) 100vw, 350px\" \/><\/a><\/div><div class=\"gt-content\"><a href=\"https:\/\/immigrantintegration.org\/archived\/2024\/speaker\/juana-inurritegui\/\"><\/a><div class=\"gt-name\"><a href=\"https:\/\/immigrantintegration.org\/archived\/2024\/speaker\/juana-inurritegui\/\">Juana I. Inurritegui<\/a><\/div><div class=\"gt-profession\">Miembro de la Junta Directiva y Consejera Principal de Cuidado Infantil Familiar<\/div><div class=\"gt-company\">QIS FOR GROW NJ<\/div><\/div><\/div><\/div><\/div><div class=\"gt-col\"><div class=\"gt-inner\"><div class=\"gt-speaker gt-style-4\"><div class=\"gt-image\"><a href=\"https:\/\/immigrantintegration.org\/archived\/2024\/speaker\/jimena-ladino\/\"><img loading=\"lazy\" decoding=\"async\" width=\"350\" height=\"350\" src=\"https:\/\/immigrantintegration.org\/archived\/2024\/wp-content\/uploads\/2024\/07\/JL-v2-350x350.png\" class=\"attachment-eventchamp-thumbnail size-eventchamp-thumbnail\" alt=\"\" srcset=\"https:\/\/immigrantintegration.org\/archived\/2024\/wp-content\/uploads\/2024\/07\/JL-v2-350x350.png 350w, https:\/\/immigrantintegration.org\/archived\/2024\/wp-content\/uploads\/2024\/07\/JL-v2-300x300.png 300w, https:\/\/immigrantintegration.org\/archived\/2024\/wp-content\/uploads\/2024\/07\/JL-v2-150x150.png 150w, https:\/\/immigrantintegration.org\/archived\/2024\/wp-content\/uploads\/2024\/07\/JL-v2-85x85.png 85w, https:\/\/immigrantintegration.org\/archived\/2024\/wp-content\/uploads\/2024\/07\/JL-v2.png 600w\" sizes=\"(max-width: 350px) 100vw, 350px\" \/><\/a><\/div><div class=\"gt-content\"><a href=\"https:\/\/immigrantintegration.org\/archived\/2024\/speaker\/jimena-ladino\/\"><\/a><div class=\"gt-name\"><a href=\"https:\/\/immigrantintegration.org\/archived\/2024\/speaker\/jimena-ladino\/\">Jimena Ladino<\/a><\/div><div class=\"gt-profession\">Miembro de la Junta Directiva y Maestra<\/div><div class=\"gt-company\">IACO Immigration and American Citizenship Organization<\/div><\/div><\/div><\/div><\/div><div class=\"gt-col\"><div class=\"gt-inner\"><div class=\"gt-speaker gt-style-4\"><div class=\"gt-image\"><a href=\"https:\/\/immigrantintegration.org\/archived\/2024\/speaker\/maria-del-pilar-cruz-silva\/\"><img decoding=\"async\" width=\"48\" height=\"64\" src=\"https:\/\/immigrantintegration.org\/archived\/2024\/wp-includes\/images\/media\/default.svg\" class=\"attachment-eventchamp-thumbnail size-eventchamp-thumbnail\" alt=\"\" 0=\"\" \/><\/a><\/div><div class=\"gt-content\"><a href=\"https:\/\/immigrantintegration.org\/archived\/2024\/speaker\/maria-del-pilar-cruz-silva\/\"><\/a><div class=\"gt-name\"><a href=\"https:\/\/immigrantintegration.org\/archived\/2024\/speaker\/maria-del-pilar-cruz-silva\/\">Mar\u00eda del Pilar Cruz Silva<\/a><\/div><div class=\"gt-profession\">C\u00f3nsul de Colombia<\/div><div class=\"gt-company\">Consulado de Colombia en Newark<\/div><\/div><\/div><\/div><\/div><div class=\"gt-col\"><div class=\"gt-inner\"><div class=\"gt-speaker gt-style-4\"><div class=\"gt-image\"><a href=\"https:\/\/immigrantintegration.org\/archived\/2024\/speaker\/francis-blanco\/\"><img decoding=\"async\" width=\"48\" height=\"64\" src=\"https:\/\/immigrantintegration.org\/archived\/2024\/wp-includes\/images\/media\/default.svg\" class=\"attachment-eventchamp-thumbnail size-eventchamp-thumbnail\" alt=\"\" 0=\"\" \/><\/a><\/div><div class=\"gt-content\"><a href=\"https:\/\/immigrantintegration.org\/archived\/2024\/speaker\/francis-blanco\/\"><\/a><div class=\"gt-name\"><a href=\"https:\/\/immigrantintegration.org\/archived\/2024\/speaker\/francis-blanco\/\">Francis E. Blanco<\/a><\/div><div class=\"gt-profession\">Directora Adjunta<\/div><div class=\"gt-company\">Divisi\u00f3n de Mujeres (DOW), Departamento de Ni\u00f1os y Familias del Estado de Nueva Jersey. <\/div><\/div><\/div><\/div><\/div><div class=\"gt-col\"><div class=\"gt-inner\"><div class=\"gt-speaker gt-style-4\"><div class=\"gt-image\"><a href=\"https:\/\/immigrantintegration.org\/archived\/2024\/speaker\/maria-porras\/\"><img decoding=\"async\" width=\"48\" height=\"64\" src=\"https:\/\/immigrantintegration.org\/archived\/2024\/wp-includes\/images\/media\/default.svg\" class=\"attachment-eventchamp-thumbnail size-eventchamp-thumbnail\" alt=\"\" 0=\"\" \/><\/a><\/div><div class=\"gt-content\"><a href=\"https:\/\/immigrantintegration.org\/archived\/2024\/speaker\/maria-porras\/\"><\/a><div class=\"gt-name\"><a href=\"https:\/\/immigrantintegration.org\/archived\/2024\/speaker\/maria-porras\/\">Mar\u00eda Gabriela Porras<\/a><\/div><div class=\"gt-profession\">C\u00f3nsul General del Per\u00fa<\/div><div class=\"gt-company\">Consulado General del Per\u00fa en Paterson<\/div><\/div><\/div><\/div><\/div><div class=\"gt-col\"><div class=\"gt-inner\"><div class=\"gt-speaker gt-style-4\"><div class=\"gt-image\"><a href=\"https:\/\/immigrantintegration.org\/archived\/2024\/speaker\/mariana-diaz-nagore\/\"><img decoding=\"async\" width=\"48\" height=\"64\" src=\"https:\/\/immigrantintegration.org\/archived\/2024\/wp-includes\/images\/media\/default.svg\" class=\"attachment-eventchamp-thumbnail size-eventchamp-thumbnail\" alt=\"\" 0=\"\" \/><\/a><\/div><div class=\"gt-content\"><a href=\"https:\/\/immigrantintegration.org\/archived\/2024\/speaker\/mariana-diaz-nagore\/\"><\/a><div class=\"gt-name\"><a href=\"https:\/\/immigrantintegration.org\/archived\/2024\/speaker\/mariana-diaz-nagore\/\">Mariana D\u00edaz Nagore<\/a><\/div><div class=\"gt-profession\">C\u00f3nsul Titular de M\u00e9xico<\/div><div class=\"gt-company\">Consulado de M\u00e9xico en New Brunswick, Nueva Jersey<\/div><\/div><\/div><\/div><\/div><div class=\"gt-col\"><div class=\"gt-inner\"><div class=\"gt-speaker gt-style-4\"><div class=\"gt-image\"><a href=\"https:\/\/immigrantintegration.org\/archived\/2024\/speaker\/gustavo-ramirez\/\"><img loading=\"lazy\" decoding=\"async\" width=\"350\" height=\"350\" src=\"https:\/\/immigrantintegration.org\/archived\/2024\/wp-content\/uploads\/2024\/01\/GR-Profile-Picture-2-350x350.png\" class=\"attachment-eventchamp-thumbnail size-eventchamp-thumbnail\" alt=\"\" srcset=\"https:\/\/immigrantintegration.org\/archived\/2024\/wp-content\/uploads\/2024\/01\/GR-Profile-Picture-2-350x350.png 350w, https:\/\/immigrantintegration.org\/archived\/2024\/wp-content\/uploads\/2024\/01\/GR-Profile-Picture-2-300x300.png 300w, https:\/\/immigrantintegration.org\/archived\/2024\/wp-content\/uploads\/2024\/01\/GR-Profile-Picture-2-150x150.png 150w, https:\/\/immigrantintegration.org\/archived\/2024\/wp-content\/uploads\/2024\/01\/GR-Profile-Picture-2-85x85.png 85w, https:\/\/immigrantintegration.org\/archived\/2024\/wp-content\/uploads\/2024\/01\/GR-Profile-Picture-2.png 600w\" sizes=\"(max-width: 350px) 100vw, 350px\" \/><\/a><\/div><div class=\"gt-content\"><a href=\"https:\/\/immigrantintegration.org\/archived\/2024\/speaker\/gustavo-ramirez\/\"><\/a><div class=\"gt-name\"><a href=\"https:\/\/immigrantintegration.org\/archived\/2024\/speaker\/gustavo-ramirez\/\">Gustavo Ramirez<\/a><\/div><div class=\"gt-profession\">Director Ejecutivo<\/div><div class=\"gt-company\">IACO Immigration and American Citizenship Organization<\/div><\/div><\/div><\/div><\/div><div class=\"gt-col\"><div class=\"gt-inner\"><div class=\"gt-speaker gt-style-4\"><div class=\"gt-image\"><a href=\"https:\/\/immigrantintegration.org\/archived\/2024\/speaker\/ileana-montes\/\"><img decoding=\"async\" width=\"48\" height=\"64\" src=\"https:\/\/immigrantintegration.org\/archived\/2024\/wp-includes\/images\/media\/default.svg\" class=\"attachment-eventchamp-thumbnail size-eventchamp-thumbnail\" alt=\"\" 0=\"\" \/><\/a><\/div><div class=\"gt-content\"><a href=\"https:\/\/immigrantintegration.org\/archived\/2024\/speaker\/ileana-montes\/\"><\/a><div class=\"gt-name\"><a href=\"https:\/\/immigrantintegration.org\/archived\/2024\/speaker\/ileana-montes\/\">Ileana Montes, Esq.<\/a><\/div><div class=\"gt-profession\">IACO - Directora Adjunta y Consejera General<\/div><div class=\"gt-company\">IACO Immigration and American Citizenship Organization<\/div><\/div><\/div><\/div><\/div><\/div><\/div>[vc_empty_space height=&#8221;40px&#8221;][\/vc_column][\/vc_row][vc_row][vc_column][vc_empty_space height=&#8221;25px&#8221;]<div class=\"gt-heading gt-dark gt-size1 gt-align-center\"><div class=\"gt-title\"><span>Conferencistas<\/span><\/div><div class=\"gt-separate\"><div class=\"gt-icon\"><svg xmlns=\"http:\/\/www.w3.org\/2000\/svg\" viewBox=\"0 0 24 24\" fill=\"none\" stroke=\"currentColor\" stroke-width=\"2\" stroke-linecap=\"round\" stroke-linejoin=\"round\"><path d=\"M17 21v-2a4 4 0 0 0-4-4H5a4 4 0 0 0-4 4v2\"><\/path><circle cx=\"9\" cy=\"7\" r=\"4\"><\/circle><path d=\"M23 21v-2a4 4 0 0 0-3-3.87\"><\/path><path d=\"M16 3.13a4 4 0 0 1 0 7.75\"><\/path><\/svg><\/div><\/div><\/div>[vc_empty_space height=&#8221;25px&#8221;][\/vc_column][\/vc_row][vc_row][vc_column width=&#8221;1\/5&#8243;][vc_single_image image=&#8221;4018&#8243; alignment=&#8221;center&#8221; onclick=&#8221;custom_link&#8221; link=&#8221;https:\/\/immigrantintegration.org\/speaker\/ileana-montes\/&#8221;][vc_column_text css=&#8221;.vc_custom_1725656277245{margin-bottom: 0px !important;}&#8221;]<\/p>\n<p style=\"text-align: center; margin: 0px; font-size: 16px;\"><a href=\"https:\/\/immigrantintegration.org\/speaker\/ileana-montes\/\"><span style=\"color: #182764;\"><strong>Ileana Montes<\/strong><\/span><\/a><\/p>\n<p>[\/vc_column_text][vc_column_text css=&#8221;.vc_custom_1725657643074{margin-bottom: 0px !important;}&#8221;]<\/p>\n<p style=\"text-align: center; margin: 0px; font-size: 14px;\"><a href=\"https:\/\/immigrantintegration.org\/speaker\/ileana-montes\/\"><span style=\"color: #182764;\">Vice-Directora Executiva de IACO y Abogada de Inmigraci\u00f3n<\/span><\/a><\/p>\n<p>[\/vc_column_text][vc_empty_space height=&#8221;35px&#8221;][\/vc_column][vc_column width=&#8221;1\/5&#8243;][vc_single_image image=&#8221;4299&#8243; alignment=&#8221;center&#8221; onclick=&#8221;custom_link&#8221; link=&#8221;https:\/\/immigrantintegration.org\/speaker\/camelia-valdes\/&#8221;][vc_column_text css=&#8221;.vc_custom_1725662517764{margin-bottom: 0px !important;}&#8221;]<\/p>\n<p style=\"text-align: center; margin: 0px; font-size: 16px;\"><a href=\"https:\/\/immigrantintegration.org\/speaker\/camelia-valdes\/\"><span style=\"color: #182764;\"><strong>Camelia M. Valdes<\/strong><\/span><\/a><\/p>\n<p>[\/vc_column_text][vc_column_text css=&#8221;.vc_custom_1725662536775{margin-bottom: 0px !important;}&#8221;]<\/p>\n<p style=\"text-align: center; margin: 0px; font-size: 14px;\"><a href=\"https:\/\/immigrantintegration.org\/speaker\/camelia-valdes\/\"><span style=\"color: #182764;\">Fiscal del Condado de Passaic, NJ y Abogada<\/span><\/a><\/p>\n<p>[\/vc_column_text][vc_empty_space height=&#8221;35px&#8221;][\/vc_column][vc_column width=&#8221;1\/5&#8243;][vc_single_image image=&#8221;4224&#8243; alignment=&#8221;center&#8221; onclick=&#8221;custom_link&#8221; link=&#8221;https:\/\/immigrantintegration.org\/speaker\/maria-del-pilar-cruz-silva\/&#8221;][vc_column_text css=&#8221;.vc_custom_1725656497154{margin-bottom: 0px !important;}&#8221;]<\/p>\n<p style=\"text-align: center; margin: 0px; font-size: 16px;\"><a href=\"https:\/\/immigrantintegration.org\/speaker\/maria-del-pilar-cruz-silva\/\"><span style=\"color: #182764;\"><strong>Mar\u00eda del Pilar Cruz Silva<\/strong><\/span><\/a><\/p>\n<p>[\/vc_column_text][vc_column_text css=&#8221;.vc_custom_1725657681973{margin-bottom: 0px !important;}&#8221;]<\/p>\n<p style=\"text-align: center; margin: 0px; font-size: 14px;\"><a href=\"https:\/\/immigrantintegration.org\/speaker\/maria-del-pilar-cruz-silva\/\"><span style=\"color: #182764;\">C\u00f3nsul de Colombia en Newark, NJ<\/span><\/a><\/p>\n<p>[\/vc_column_text][vc_empty_space height=&#8221;35px&#8221;][\/vc_column][vc_column width=&#8221;1\/5&#8243;][vc_single_image image=&#8221;4223&#8243; alignment=&#8221;center&#8221; onclick=&#8221;custom_link&#8221; link=&#8221;https:\/\/immigrantintegration.org\/speaker\/mariana-diaz-nagore\/&#8221;][vc_column_text css=&#8221;.vc_custom_1725656654797{margin-bottom: 0px !important;}&#8221;]<\/p>\n<p style=\"text-align: center; margin: 0px; font-size: 16px;\"><a href=\"https:\/\/immigrantintegration.org\/speaker\/mariana-diaz-nagore\/\"><span style=\"color: #182764;\"><strong>Mariana D\u00edaz Nagore<\/strong><\/span><\/a><\/p>\n<p>[\/vc_column_text][vc_column_text css=&#8221;.vc_custom_1725657727224{margin-bottom: 0px !important;}&#8221;]<\/p>\n<p style=\"text-align: center; margin: 0px; font-size: 14px;\"><a href=\"https:\/\/immigrantintegration.org\/speaker\/mariana-diaz-nagore\/\"><span style=\"color: #182764;\">Consulado de M\u00e9xico en New Brunswick, NJ<\/span><\/a><\/p>\n<p>[\/vc_column_text][vc_empty_space height=&#8221;35px&#8221;][\/vc_column][vc_column width=&#8221;1\/5&#8243;][vc_single_image image=&#8221;4226&#8243; alignment=&#8221;center&#8221; onclick=&#8221;custom_link&#8221; link=&#8221;https:\/\/immigrantintegration.org\/speaker\/maria-porras\/&#8221;][vc_column_text css=&#8221;.vc_custom_1725656696550{margin-bottom: 0px !important;}&#8221;]<\/p>\n<p style=\"text-align: center; margin: 0px; font-size: 16px;\"><a href=\"https:\/\/immigrantintegration.org\/speaker\/maria-porras\/\"><span style=\"color: #182764;\"><strong>Mar\u00eda Gabriela Porras<\/strong><\/span><\/a><\/p>\n<p>[\/vc_column_text][vc_column_text css=&#8221;.vc_custom_1725657756853{margin-bottom: 0px !important;}&#8221;]<\/p>\n<p style=\"text-align: center; margin: 0px; font-size: 14px;\"><a href=\"https:\/\/immigrantintegration.org\/speaker\/maria-porras\/\"><span style=\"color: #182764;\">Consul General del Per\u00fa en Paterson, NJ<\/span><\/a><\/p>\n<p>[\/vc_column_text][vc_empty_space height=&#8221;35px&#8221;][\/vc_column][\/vc_row][vc_row][vc_column width=&#8221;1\/5&#8243;][vc_single_image image=&#8221;3759&#8243; alignment=&#8221;center&#8221; style=&#8221;vc_box_circle_2&#8243; onclick=&#8221;custom_link&#8221; link=&#8221;https:\/\/immigrantintegration.org\/speaker\/francis-blanco\/&#8221;][vc_column_text css=&#8221;.vc_custom_1726522572847{margin-bottom: 0px !important;}&#8221;]<\/p>\n<p style=\"text-align: center; margin: 0px; font-size: 16px;\"><a href=\"https:\/\/immigrantintegration.org\/speaker\/francis-blanco\/\"><span style=\"color: #182764;\"><strong>Francis E. Blanco<\/strong><\/span><\/a><\/p>\n<p>[\/vc_column_text][vc_column_text css=&#8221;.vc_custom_1726522696146{margin-bottom: 0px !important;}&#8221;]<\/p>\n<p style=\"text-align: center; margin: 0px; font-size: 14px;\"><a href=\"https:\/\/immigrantintegration.org\/speaker\/francis-blanco\/\"><span style=\"color: #182764;\">Directora Adjunta de Divisi\u00f3n de Mujeres (DOW)<\/span><\/a><\/p>\n<p>[\/vc_column_text][vc_empty_space height=&#8221;35px&#8221;][\/vc_column][vc_column width=&#8221;1\/5&#8243;][vc_single_image image=&#8221;4359&#8243; alignment=&#8221;center&#8221; style=&#8221;vc_box_circle_2&#8243; onclick=&#8221;custom_link&#8221; link=&#8221;https:\/\/immigrantintegration.org\/speaker\/lucia-hernandez-pagan\/&#8221;][vc_column_text css=&#8221;.vc_custom_1727243663233{margin-bottom: 0px !important;}&#8221;]<\/p>\n<p style=\"text-align: center; margin: 0px; font-size: 16px;\"><a href=\"https:\/\/immigrantintegration.org\/speaker\/lucia-hernandez-pagan\/\"><span style=\"color: #182764;\"><strong>Lucia Hernandez-Pagan<\/strong><\/span><\/a><\/p>\n<p>[\/vc_column_text][vc_column_text css=&#8221;.vc_custom_1727243746982{margin-bottom: 0px !important;}&#8221;]<\/p>\n<p style=\"text-align: center; margin: 0px; font-size: 14px;\"><a href=\"https:\/\/immigrantintegration.org\/speaker\/lucia-hernandez-pagan\/\"><span style=\"color: #182764;\">Defensora Legal Biling\u00fce de Passaic County Domestic &amp; Sexual Violence Center<\/span><\/a><\/p>\n<p>[\/vc_column_text][vc_empty_space height=&#8221;35px&#8221;][\/vc_column][vc_column width=&#8221;1\/5&#8243;][vc_single_image image=&#8221;4362&#8243; alignment=&#8221;center&#8221; style=&#8221;vc_box_circle_2&#8243; onclick=&#8221;custom_link&#8221; link=&#8221;https:\/\/immigrantintegration.org\/speaker\/milagros-belaunde\/&#8221;][vc_column_text css=&#8221;.vc_custom_1727243895032{margin-bottom: 0px !important;}&#8221;]<\/p>\n<p style=\"text-align: center; margin: 0px; font-size: 16px;\"><a href=\"https:\/\/immigrantintegration.org\/speaker\/milagros-belaunde\/\"><span style=\"color: #182764;\"><strong>Milagros Belaunde<\/strong><\/span><\/a><\/p>\n<p>[\/vc_column_text][vc_column_text css=&#8221;.vc_custom_1727244015765{margin-bottom: 0px !important;}&#8221;]<\/p>\n<p style=\"text-align: center; margin: 0px; font-size: 14px;\"><a href=\"https:\/\/immigrantintegration.org\/speaker\/milagros-belaunde\/\"><span style=\"color: #182764;\">Coordinadora de Programa de PEACE: A Learned Solution (PALS)<\/span><\/a><\/p>\n<p>[\/vc_column_text][vc_empty_space height=&#8221;35px&#8221;][\/vc_column][vc_column width=&#8221;1\/5&#8243;][vc_single_image image=&#8221;4366&#8243; alignment=&#8221;center&#8221; style=&#8221;vc_box_circle_2&#8243; onclick=&#8221;custom_link&#8221; link=&#8221;https:\/\/immigrantintegration.org\/speaker\/cecilia-baez\/&#8221;][vc_column_text css=&#8221;.vc_custom_1727244207560{margin-bottom: 0px !important;}&#8221;]<\/p>\n<p style=\"text-align: center; margin: 0px; font-size: 16px;\"><a href=\"https:\/\/immigrantintegration.org\/speaker\/cecilia-baez\/\"><span style=\"color: #182764;\"><strong>Cecilia B\u00e1ez<\/strong><\/span><\/a><\/p>\n<p>[\/vc_column_text][vc_column_text css=&#8221;.vc_custom_1727244402041{margin-bottom: 0px !important;}&#8221;]<\/p>\n<p style=\"text-align: center; margin: 0px; font-size: 14px;\"><a href=\"https:\/\/immigrantintegration.org\/speaker\/cecilia-baez\/\"><span style=\"color: #182764;\">Consejera Biling\u00fce de Passaic County Domestic and Sexual Violence Center<\/span><\/a><\/p>\n<p>[\/vc_column_text][vc_empty_space height=&#8221;35px&#8221;][\/vc_column][vc_column width=&#8221;1\/5&#8243;][vc_single_image image=&#8221;4370&#8243; alignment=&#8221;center&#8221; style=&#8221;vc_box_circle_2&#8243; onclick=&#8221;custom_link&#8221; link=&#8221;https:\/\/immigrantintegration.org\/speaker\/jesselly-de-la-cruz\/&#8221;][vc_column_text css=&#8221;.vc_custom_1727244603024{margin-bottom: 0px !important;}&#8221;]<\/p>\n<p style=\"text-align: center; margin: 0px; font-size: 16px;\"><a href=\"https:\/\/immigrantintegration.org\/speaker\/jesselly-de-la-cruz\/\"><span style=\"color: #182764;\"><strong>Jesselly De La Cruz<\/strong><\/span><\/a><\/p>\n<p>[\/vc_column_text][vc_column_text css=&#8221;.vc_custom_1727244687955{margin-bottom: 0px !important;}&#8221;]<\/p>\n<p style=\"text-align: center; margin: 0px; font-size: 14px;\"><a href=\"https:\/\/immigrantintegration.org\/speaker\/jesselly-de-la-cruz\/\"><span style=\"color: #182764;\">Directora Ejecutiva de Latino Action Network Foundation<\/span><\/a><\/p>\n<p>[\/vc_column_text][vc_empty_space height=&#8221;35px&#8221;][\/vc_column][\/vc_row][vc_row][vc_column width=&#8221;1\/5&#8243;][vc_single_image image=&#8221;4387&#8243; alignment=&#8221;center&#8221; style=&#8221;vc_box_circle_2&#8243; onclick=&#8221;custom_link&#8221; link=&#8221;https:\/\/immigrantintegration.org\/speaker\/charissa-d-pizarro\/&#8221;][vc_column_text css=&#8221;.vc_custom_1727448307538{margin-bottom: 0px !important;}&#8221;]<\/p>\n<p style=\"text-align: center; margin: 0px; font-size: 16px;\"><a href=\"https:\/\/immigrantintegration.org\/speaker\/charissa-d-pizarro\/\"><span style=\"color: #182764;\"><strong>Charissa D. Pizarro<\/strong><\/span><\/a><\/p>\n<p>[\/vc_column_text][vc_column_text css=&#8221;.vc_custom_1727448354959{margin-bottom: 0px !important;}&#8221;]<\/p>\n<p style=\"text-align: center; margin: 0px; font-size: 14px;\"><a href=\"https:\/\/immigrantintegration.org\/speaker\/charissa-d-pizarro\/\"><span style=\"color: #182764;\">Psic\u00f3loga Cl\u00ednica Biling\u00fce Licenciada y Terapeuta de Juego Registrada<\/span><\/a><\/p>\n<p>[\/vc_column_text][vc_empty_space height=&#8221;35px&#8221;][\/vc_column][vc_column width=&#8221;1\/5&#8243;][vc_single_image image=&#8221;4440&#8243; alignment=&#8221;center&#8221; style=&#8221;vc_box_circle_2&#8243; onclick=&#8221;custom_link&#8221; link=&#8221;https:\/\/immigrantintegration.org\/speaker\/john-emminger\/&#8221;][vc_column_text css=&#8221;.vc_custom_1727448481605{margin-bottom: 0px !important;}&#8221;]<\/p>\n<p style=\"text-align: center; margin: 0px; font-size: 16px;\"><a href=\"https:\/\/immigrantintegration.org\/speaker\/john-emminger\/\"><span style=\"color: #182764;\"><strong>John Emminger<\/strong><\/span><\/a><\/p>\n<p>[\/vc_column_text][vc_column_text css=&#8221;.vc_custom_1728401753792{margin-bottom: 0px !important;}&#8221;]<\/p>\n<p style=\"text-align: center; margin: 0px; font-size: 14px;\"><a href=\"https:\/\/immigrantintegration.org\/speaker\/john-emminger\/\"><span style=\"color: #182764;\">Especialista en Relaciones Comunitarias de USCIS<\/span><\/a><\/p>\n<p>[\/vc_column_text][vc_empty_space height=&#8221;35px&#8221;][\/vc_column][vc_column width=&#8221;1\/5&#8243;][vc_single_image image=&#8221;4390&#8243; alignment=&#8221;center&#8221; style=&#8221;vc_box_circle_2&#8243; onclick=&#8221;custom_link&#8221; link=&#8221;https:\/\/immigrantintegration.org\/speaker\/yolanda-vasquez\/&#8221;][vc_column_text css=&#8221;.vc_custom_1727448627416{margin-bottom: 0px !important;}&#8221;]<\/p>\n<p style=\"text-align: center; margin: 0px; font-size: 16px;\"><a href=\"https:\/\/immigrantintegration.org\/speaker\/yolanda-vasquez\/\"><span style=\"color: #182764;\"><strong>Yolanda V\u00e1squez<\/strong><\/span><\/a><\/p>\n<p>[\/vc_column_text][vc_column_text css=&#8221;.vc_custom_1728483119397{margin-bottom: 0px !important;}&#8221;]<\/p>\n<p style=\"text-align: center; margin: 0px; font-size: 14px;\"><a href=\"https:\/\/immigrantintegration.org\/speaker\/yolanda-vasquez\/\"><span style=\"color: #182764;\">Reportera General de Noticiero 47 Telemundo<\/span><\/a><\/p>\n<h2 class=\"wp-block-heading\"><\/h2>\n<p>[\/vc_column_text][vc_empty_space height=&#8221;35px&#8221;][\/vc_column][vc_column width=&#8221;1\/5&#8243;][vc_single_image image=&#8221;4424&#8243; alignment=&#8221;center&#8221; style=&#8221;vc_box_circle_2&#8243; onclick=&#8221;custom_link&#8221; link=&#8221;https:\/\/immigrantintegration.org\/speaker\/julie-diaz\/&#8221;][vc_column_text css=&#8221;.vc_custom_1727961938710{margin-bottom: 0px !important;}&#8221;]<\/p>\n<p style=\"text-align: center; margin: 0px; font-size: 16px;\"><a href=\"https:\/\/immigrantintegration.org\/speaker\/julie-diaz\/\"><span style=\"color: #182764;\"><strong>Julie Diaz<\/strong><\/span><\/a><\/p>\n<p>[\/vc_column_text][vc_column_text css=&#8221;.vc_custom_1728588580414{margin-bottom: 0px !important;}&#8221;]<\/p>\n<p style=\"text-align: center; margin: 0px; font-size: 14px;\"><a href=\"https:\/\/immigrantintegration.org\/speaker\/julie-diaz\/\"><span style=\"color: #182764;\">Comisionada Adjunta del Departamento de Trabajo y Desarrollo de la Fuerza Laboral de Nueva Jersey<\/span><\/a><\/p>\n<p>[\/vc_column_text][vc_empty_space height=&#8221;35px&#8221;][\/vc_column][vc_column width=&#8221;1\/5&#8243;][vc_single_image image=&#8221;4428&#8243; alignment=&#8221;center&#8221; style=&#8221;vc_box_circle_2&#8243; onclick=&#8221;custom_link&#8221; link=&#8221;https:\/\/immigrantintegration.org\/speaker\/johanna-calle\/&#8221;][vc_column_text css=&#8221;.vc_custom_1727962084100{margin-bottom: 0px !important;}&#8221;]<\/p>\n<p style=\"text-align: center; margin: 0px; font-size: 16px;\"><a href=\"https:\/\/immigrantintegration.org\/speaker\/johanna-calle\/\"><span style=\"color: #182764;\"><strong>Johanna Calle<\/strong><\/span><\/a><\/p>\n<p>[\/vc_column_text][vc_column_text css=&#8221;.vc_custom_1728402158539{margin-bottom: 0px !important;}&#8221;]<\/p>\n<p style=\"text-align: center; margin: 0px; font-size: 14px;\"><a href=\"https:\/\/immigrantintegration.org\/speaker\/johanna-calle\/\"><span style=\"color: #182764;\">Directora de la Oficina de Nuevos Americanos (ONA) del Departamento de Servicios Humanos de Nueva Jersey<\/span><\/a><\/p>\n<p>[\/vc_column_text][vc_empty_space height=&#8221;35px&#8221;][\/vc_column][\/vc_row][vc_row][vc_column width=&#8221;1\/5&#8243;][vc_single_image image=&#8221;4433&#8243; alignment=&#8221;center&#8221; style=&#8221;vc_box_circle_2&#8243; onclick=&#8221;custom_link&#8221; link=&#8221;https:\/\/immigrantintegration.org\/speaker\/claudia-trani-melgar\/&#8221;][vc_column_text css=&#8221;.vc_custom_1728057816979{margin-bottom: 0px !important;}&#8221;]<\/p>\n<p style=\"text-align: center; margin: 0px; font-size: 16px;\"><a href=\"https:\/\/immigrantintegration.org\/speaker\/claudia-trani-melgar\/\"><span style=\"color: #182764;\"><strong>Claudia Trani-Melgar<\/strong><\/span><\/a><\/p>\n<p>[\/vc_column_text][vc_column_text css=&#8221;.vc_custom_1728397543972{margin-bottom: 0px !important;}&#8221;]<\/p>\n<p style=\"text-align: center; margin: 0px; font-size: 14px;\"><a href=\"https:\/\/immigrantintegration.org\/speaker\/claudia-trani-melgar\/\"><span style=\"color: #182764;\">Portavoz para la Prensa Latina del Departamento de Salud de Nueva Jersey<\/span><\/a><\/p>\n<p>[\/vc_column_text][\/vc_column][vc_column width=&#8221;1\/5&#8243;][vc_single_image image=&#8221;4014&#8243; alignment=&#8221;center&#8221; onclick=&#8221;custom_link&#8221; link=&#8221;https:\/\/immigrantintegration.org\/speaker\/mark-parry\/&#8221;][vc_column_text css=&#8221;.vc_custom_1727490154223{margin-bottom: 0px !important;}&#8221;]<\/p>\n<p style=\"text-align: center; margin: 0px; font-size: 16px;\"><a href=\"https:\/\/immigrantintegration.org\/speaker\/mark-parry\/\"><span style=\"color: #182764;\"><strong>Mark Parry<\/strong><\/span><\/a><\/p>\n<p>[\/vc_column_text][vc_column_text css=&#8221;.vc_custom_1728569864726{margin-bottom: 0px !important;}&#8221;]<\/p>\n<p style=\"text-align: center; margin: 0px; font-size: 14px;\"><a href=\"https:\/\/immigrantintegration.org\/speaker\/mark-parry\/\"><span style=\"color: #182764;\">Fundador y Secretario de la Junta Directiva de IACO<\/span><\/a><\/p>\n<p>[\/vc_column_text][\/vc_column][vc_column width=&#8221;1\/5&#8243;][vc_single_image image=&#8221;4475&#8243; alignment=&#8221;center&#8221; style=&#8221;vc_box_circle_2&#8243; onclick=&#8221;custom_link&#8221; link=&#8221;https:\/\/immigrantintegration.org\/speaker\/ariel-valle\/&#8221;][vc_column_text css=&#8221;.vc_custom_1728657073038{margin-bottom: 0px !important;}&#8221;]<\/p>\n<p style=\"text-align: center; margin: 0px; font-size: 16px;\"><a href=\"https:\/\/immigrantintegration.org\/speaker\/ariel-valle\/\"><span style=\"color: #182764;\"><strong>Ariel Valle<\/strong><\/span><\/a><\/p>\n<p>[\/vc_column_text][vc_column_text css=&#8221;.vc_custom_1728657122673{margin-bottom: 0px !important;}&#8221;]<\/p>\n<p style=\"text-align: center; margin: 0px; font-size: 14px;\"><a href=\"https:\/\/immigrantintegration.org\/speaker\/ariel-valle\/\"><span style=\"color: #182764;\">C\u00f3nsul General de El Salvador en Elizabeth, NJ<\/span><\/a><\/p>\n<p>[\/vc_column_text][\/vc_column][vc_column width=&#8221;1\/5&#8243;][\/vc_column][vc_column width=&#8221;1\/5&#8243;][\/vc_column][\/vc_row][vc_row full_width=&#8221;stretch_row&#8221; content_placement=&#8221;middle&#8221; disable_element=&#8221;yes&#8221; css=&#8221;.vc_custom_1725623643359{background-color: #f9f9f9 !important;}&#8221;][vc_column]<div class=\"gt-heading gt-dark gt-size1 gt-align-center\"><div class=\"gt-title\"><span>25 A\u00f1os de Nuestra Junta Directiva<\/span><\/div><div class=\"gt-separate\"><div class=\"gt-icon\"><svg xmlns=\"http:\/\/www.w3.org\/2000\/svg\" viewBox=\"0 0 24 24\" fill=\"none\" stroke=\"currentColor\" stroke-width=\"2\" stroke-linecap=\"round\" stroke-linejoin=\"round\"><path d=\"M17 21v-2a4 4 0 0 0-4-4H5a4 4 0 0 0-4 4v2\"><\/path><circle cx=\"9\" cy=\"7\" r=\"4\"><\/circle><path d=\"M23 21v-2a4 4 0 0 0-3-3.87\"><\/path><path d=\"M16 3.13a4 4 0 0 1 0 7.75\"><\/path><\/svg><\/div><\/div><\/div>[vc_empty_space height=&#8221;25px&#8221;]<div class=\"gt-speakers-listing gt-style-1\"><div class=\"gt-columns gt-column-6 gt-column-space-0\"><div class=\"gt-col\"><div class=\"gt-inner\"><div class=\"gt-speaker gt-style-4\"><div class=\"gt-image\"><a href=\"https:\/\/immigrantintegration.org\/archived\/2024\/speaker\/lorenzo-hernandez\/\"><img fetchpriority=\"high\" decoding=\"async\" width=\"350\" height=\"350\" src=\"https:\/\/immigrantintegration.org\/archived\/2024\/wp-content\/uploads\/2024\/07\/LH-Profile-Picture-350x350.png\" class=\"attachment-eventchamp-thumbnail size-eventchamp-thumbnail\" alt=\"\" srcset=\"https:\/\/immigrantintegration.org\/archived\/2024\/wp-content\/uploads\/2024\/07\/LH-Profile-Picture-350x350.png 350w, https:\/\/immigrantintegration.org\/archived\/2024\/wp-content\/uploads\/2024\/07\/LH-Profile-Picture-300x300.png 300w, https:\/\/immigrantintegration.org\/archived\/2024\/wp-content\/uploads\/2024\/07\/LH-Profile-Picture-150x150.png 150w, https:\/\/immigrantintegration.org\/archived\/2024\/wp-content\/uploads\/2024\/07\/LH-Profile-Picture-85x85.png 85w, https:\/\/immigrantintegration.org\/archived\/2024\/wp-content\/uploads\/2024\/07\/LH-Profile-Picture.png 600w\" sizes=\"(max-width: 350px) 100vw, 350px\" \/><\/a><\/div><div class=\"gt-content\"><a href=\"https:\/\/immigrantintegration.org\/archived\/2024\/speaker\/lorenzo-hernandez\/\"><\/a><div class=\"gt-name\"><a href=\"https:\/\/immigrantintegration.org\/archived\/2024\/speaker\/lorenzo-hernandez\/\">Lorenzo Hernandez<\/a><\/div><div class=\"gt-profession\">Presidente de la Junta Directiva<\/div><\/div><\/div><\/div><\/div><div class=\"gt-col\"><div class=\"gt-inner\"><div class=\"gt-speaker gt-style-4\"><div class=\"gt-image\"><a href=\"https:\/\/immigrantintegration.org\/archived\/2024\/speaker\/carlos-m-gonzalez\/\"><img decoding=\"async\" width=\"48\" height=\"64\" src=\"https:\/\/immigrantintegration.org\/archived\/2024\/wp-includes\/images\/media\/default.svg\" class=\"attachment-eventchamp-thumbnail size-eventchamp-thumbnail\" alt=\"\" 0=\"\" \/><\/a><\/div><div class=\"gt-content\"><a href=\"https:\/\/immigrantintegration.org\/archived\/2024\/speaker\/carlos-m-gonzalez\/\"><\/a><div class=\"gt-name\"><a href=\"https:\/\/immigrantintegration.org\/archived\/2024\/speaker\/carlos-m-gonzalez\/\">Carlos M. Gonzalez<\/a><\/div><div class=\"gt-profession\">Vice-Presidente de la Junta Directiva, Consejal de la Ciudad de Newark y Abogado de Inmigraci\u00f3n<\/div><\/div><\/div><\/div><\/div><div class=\"gt-col\"><div class=\"gt-inner\"><div class=\"gt-speaker gt-style-4\"><div class=\"gt-image\"><a href=\"https:\/\/immigrantintegration.org\/archived\/2024\/speaker\/daniel-santo\/\"><img decoding=\"async\" width=\"350\" height=\"350\" src=\"https:\/\/immigrantintegration.org\/archived\/2024\/wp-content\/uploads\/2024\/07\/DSP-Profile-Picture-350x350.png\" class=\"attachment-eventchamp-thumbnail size-eventchamp-thumbnail\" alt=\"\" srcset=\"https:\/\/immigrantintegration.org\/archived\/2024\/wp-content\/uploads\/2024\/07\/DSP-Profile-Picture-350x350.png 350w, https:\/\/immigrantintegration.org\/archived\/2024\/wp-content\/uploads\/2024\/07\/DSP-Profile-Picture-300x300.png 300w, https:\/\/immigrantintegration.org\/archived\/2024\/wp-content\/uploads\/2024\/07\/DSP-Profile-Picture-150x150.png 150w, https:\/\/immigrantintegration.org\/archived\/2024\/wp-content\/uploads\/2024\/07\/DSP-Profile-Picture-85x85.png 85w, https:\/\/immigrantintegration.org\/archived\/2024\/wp-content\/uploads\/2024\/07\/DSP-Profile-Picture.png 600w\" sizes=\"(max-width: 350px) 100vw, 350px\" \/><\/a><\/div><div class=\"gt-content\"><a href=\"https:\/\/immigrantintegration.org\/archived\/2024\/speaker\/daniel-santo\/\"><\/a><div class=\"gt-name\"><a href=\"https:\/\/immigrantintegration.org\/archived\/2024\/speaker\/daniel-santo\/\">Daniel Santo-Prieto<\/a><\/div><div class=\"gt-profession\">Fundador y Miembro de la Junta Directiva<\/div><\/div><\/div><\/div><\/div><div class=\"gt-col\"><div class=\"gt-inner\"><div class=\"gt-speaker gt-style-4\"><div class=\"gt-image\"><a href=\"https:\/\/immigrantintegration.org\/archived\/2024\/speaker\/mark-parry\/\"><img decoding=\"async\" width=\"48\" height=\"64\" src=\"https:\/\/immigrantintegration.org\/archived\/2024\/wp-includes\/images\/media\/default.svg\" class=\"attachment-eventchamp-thumbnail size-eventchamp-thumbnail\" alt=\"\" 0=\"\" \/><\/a><\/div><div class=\"gt-content\"><a href=\"https:\/\/immigrantintegration.org\/archived\/2024\/speaker\/mark-parry\/\"><\/a><div class=\"gt-name\"><a href=\"https:\/\/immigrantintegration.org\/archived\/2024\/speaker\/mark-parry\/\">Mark Parry<\/a><\/div><div class=\"gt-profession\">Miembro de la Junta Directiva y Abogado de Inmigraci\u00f3n<\/div><\/div><\/div><\/div><\/div><div class=\"gt-col\"><div class=\"gt-inner\"><div class=\"gt-speaker gt-style-4\"><div class=\"gt-image\"><a href=\"https:\/\/immigrantintegration.org\/archived\/2024\/speaker\/victor-javier-solano\/\"><img loading=\"lazy\" decoding=\"async\" width=\"350\" height=\"350\" src=\"https:\/\/immigrantintegration.org\/archived\/2024\/wp-content\/uploads\/2024\/07\/VJ-Profile-Picture-350x350.png\" class=\"attachment-eventchamp-thumbnail size-eventchamp-thumbnail\" alt=\"\" srcset=\"https:\/\/immigrantintegration.org\/archived\/2024\/wp-content\/uploads\/2024\/07\/VJ-Profile-Picture-350x350.png 350w, https:\/\/immigrantintegration.org\/archived\/2024\/wp-content\/uploads\/2024\/07\/VJ-Profile-Picture-300x300.png 300w, https:\/\/immigrantintegration.org\/archived\/2024\/wp-content\/uploads\/2024\/07\/VJ-Profile-Picture-150x150.png 150w, https:\/\/immigrantintegration.org\/archived\/2024\/wp-content\/uploads\/2024\/07\/VJ-Profile-Picture-85x85.png 85w, https:\/\/immigrantintegration.org\/archived\/2024\/wp-content\/uploads\/2024\/07\/VJ-Profile-Picture.png 600w\" sizes=\"(max-width: 350px) 100vw, 350px\" \/><\/a><\/div><div class=\"gt-content\"><a href=\"https:\/\/immigrantintegration.org\/archived\/2024\/speaker\/victor-javier-solano\/\"><\/a><div class=\"gt-name\"><a href=\"https:\/\/immigrantintegration.org\/archived\/2024\/speaker\/victor-javier-solano\/\">Victor Javier Solano<\/a><\/div><div class=\"gt-profession\">Miembro de la Junta Directiva y Presentador de noticias y reportero de Noticias Univision 41<\/div><\/div><\/div><\/div><\/div><div class=\"gt-col\"><div class=\"gt-inner\"><div class=\"gt-speaker gt-style-4\"><div class=\"gt-image\"><a href=\"https:\/\/immigrantintegration.org\/archived\/2024\/speaker\/juana-inurritegui\/\"><img loading=\"lazy\" decoding=\"async\" width=\"350\" height=\"350\" src=\"https:\/\/immigrantintegration.org\/archived\/2024\/wp-content\/uploads\/2024\/07\/JI-Profile-Picture-350x350.png\" class=\"attachment-eventchamp-thumbnail size-eventchamp-thumbnail\" alt=\"\" srcset=\"https:\/\/immigrantintegration.org\/archived\/2024\/wp-content\/uploads\/2024\/07\/JI-Profile-Picture-350x350.png 350w, https:\/\/immigrantintegration.org\/archived\/2024\/wp-content\/uploads\/2024\/07\/JI-Profile-Picture-300x300.png 300w, https:\/\/immigrantintegration.org\/archived\/2024\/wp-content\/uploads\/2024\/07\/JI-Profile-Picture-150x150.png 150w, https:\/\/immigrantintegration.org\/archived\/2024\/wp-content\/uploads\/2024\/07\/JI-Profile-Picture-85x85.png 85w, https:\/\/immigrantintegration.org\/archived\/2024\/wp-content\/uploads\/2024\/07\/JI-Profile-Picture.png 600w\" sizes=\"(max-width: 350px) 100vw, 350px\" \/><\/a><\/div><div class=\"gt-content\"><a href=\"https:\/\/immigrantintegration.org\/archived\/2024\/speaker\/juana-inurritegui\/\"><\/a><div class=\"gt-name\"><a href=\"https:\/\/immigrantintegration.org\/archived\/2024\/speaker\/juana-inurritegui\/\">Juana I. Inurritegui<\/a><\/div><div class=\"gt-profession\">Miembro de la Junta Directiva y Consejera Principal de Cuidado Infantil Familiar<\/div><\/div><\/div><\/div><\/div><div class=\"gt-col\"><div class=\"gt-inner\"><div class=\"gt-speaker gt-style-4\"><div class=\"gt-image\"><a href=\"https:\/\/immigrantintegration.org\/archived\/2024\/speaker\/jimena-ladino\/\"><img loading=\"lazy\" decoding=\"async\" width=\"350\" height=\"350\" src=\"https:\/\/immigrantintegration.org\/archived\/2024\/wp-content\/uploads\/2024\/07\/JL-v2-350x350.png\" class=\"attachment-eventchamp-thumbnail size-eventchamp-thumbnail\" alt=\"\" srcset=\"https:\/\/immigrantintegration.org\/archived\/2024\/wp-content\/uploads\/2024\/07\/JL-v2-350x350.png 350w, https:\/\/immigrantintegration.org\/archived\/2024\/wp-content\/uploads\/2024\/07\/JL-v2-300x300.png 300w, https:\/\/immigrantintegration.org\/archived\/2024\/wp-content\/uploads\/2024\/07\/JL-v2-150x150.png 150w, https:\/\/immigrantintegration.org\/archived\/2024\/wp-content\/uploads\/2024\/07\/JL-v2-85x85.png 85w, https:\/\/immigrantintegration.org\/archived\/2024\/wp-content\/uploads\/2024\/07\/JL-v2.png 600w\" sizes=\"(max-width: 350px) 100vw, 350px\" \/><\/a><\/div><div class=\"gt-content\"><a href=\"https:\/\/immigrantintegration.org\/archived\/2024\/speaker\/jimena-ladino\/\"><\/a><div class=\"gt-name\"><a href=\"https:\/\/immigrantintegration.org\/archived\/2024\/speaker\/jimena-ladino\/\">Jimena Ladino<\/a><\/div><div class=\"gt-profession\">Miembro de la Junta Directiva y Maestra<\/div><\/div><\/div><\/div><\/div><\/div><\/div>[vc_empty_space height=&#8221;25px&#8221;]<div class=\"gt-heading gt-dark gt-size1 gt-align-center\"><div class=\"gt-title\"><span>Director Ejecutivo y Directora Adjunta<\/span><\/div><div class=\"gt-separate\"><div class=\"gt-icon\"><svg xmlns=\"http:\/\/www.w3.org\/2000\/svg\" viewBox=\"0 0 24 24\" fill=\"none\" stroke=\"currentColor\" stroke-width=\"2\" stroke-linecap=\"round\" stroke-linejoin=\"round\"><path d=\"M17 21v-2a4 4 0 0 0-4-4H5a4 4 0 0 0-4 4v2\"><\/path><circle cx=\"9\" cy=\"7\" r=\"4\"><\/circle><path d=\"M23 21v-2a4 4 0 0 0-3-3.87\"><\/path><path d=\"M16 3.13a4 4 0 0 1 0 7.75\"><\/path><\/svg><\/div><\/div><\/div>[vc_empty_space height=&#8221;25px&#8221;]<div class=\"gt-speakers-listing gt-style-1\"><div class=\"gt-columns gt-column-2 gt-column-space-0\"><div class=\"gt-col\"><div class=\"gt-inner\"><div class=\"gt-speaker gt-style-4\"><div class=\"gt-image\"><a href=\"https:\/\/immigrantintegration.org\/archived\/2024\/speaker\/gustavo-ramirez\/\"><img loading=\"lazy\" decoding=\"async\" width=\"350\" height=\"350\" src=\"https:\/\/immigrantintegration.org\/archived\/2024\/wp-content\/uploads\/2024\/01\/GR-Profile-Picture-2-350x350.png\" class=\"attachment-eventchamp-thumbnail size-eventchamp-thumbnail\" alt=\"\" srcset=\"https:\/\/immigrantintegration.org\/archived\/2024\/wp-content\/uploads\/2024\/01\/GR-Profile-Picture-2-350x350.png 350w, https:\/\/immigrantintegration.org\/archived\/2024\/wp-content\/uploads\/2024\/01\/GR-Profile-Picture-2-300x300.png 300w, https:\/\/immigrantintegration.org\/archived\/2024\/wp-content\/uploads\/2024\/01\/GR-Profile-Picture-2-150x150.png 150w, https:\/\/immigrantintegration.org\/archived\/2024\/wp-content\/uploads\/2024\/01\/GR-Profile-Picture-2-85x85.png 85w, https:\/\/immigrantintegration.org\/archived\/2024\/wp-content\/uploads\/2024\/01\/GR-Profile-Picture-2.png 600w\" sizes=\"(max-width: 350px) 100vw, 350px\" \/><\/a><\/div><div class=\"gt-content\"><a href=\"https:\/\/immigrantintegration.org\/archived\/2024\/speaker\/gustavo-ramirez\/\"><\/a><div class=\"gt-name\"><a href=\"https:\/\/immigrantintegration.org\/archived\/2024\/speaker\/gustavo-ramirez\/\">Gustavo Ramirez<\/a><\/div><div class=\"gt-profession\">Director Ejecutivo<\/div><\/div><\/div><\/div><\/div><div class=\"gt-col\"><div class=\"gt-inner\"><div class=\"gt-speaker gt-style-4\"><div class=\"gt-image\"><a href=\"https:\/\/immigrantintegration.org\/archived\/2024\/speaker\/ileana-montes\/\"><img decoding=\"async\" width=\"48\" height=\"64\" src=\"https:\/\/immigrantintegration.org\/archived\/2024\/wp-includes\/images\/media\/default.svg\" class=\"attachment-eventchamp-thumbnail size-eventchamp-thumbnail\" alt=\"\" 0=\"\" \/><\/a><\/div><div class=\"gt-content\"><a href=\"https:\/\/immigrantintegration.org\/archived\/2024\/speaker\/ileana-montes\/\"><\/a><div class=\"gt-name\"><a href=\"https:\/\/immigrantintegration.org\/archived\/2024\/speaker\/ileana-montes\/\">Ileana Montes, Esq.<\/a><\/div><div class=\"gt-profession\">IACO - Directora Adjunta y Consejera General<\/div><\/div><\/div><\/div><\/div><\/div><\/div>[vc_empty_space height=&#8221;25px&#8221;]<div class=\"gt-heading gt-dark gt-size1 gt-align-center\"><div class=\"gt-title\"><span>Representaci\u00f3n Consular<\/span><\/div><div class=\"gt-separate\"><div class=\"gt-icon\"><svg xmlns=\"http:\/\/www.w3.org\/2000\/svg\" viewBox=\"0 0 24 24\" fill=\"none\" stroke=\"currentColor\" stroke-width=\"2\" stroke-linecap=\"round\" stroke-linejoin=\"round\"><path d=\"M17 21v-2a4 4 0 0 0-4-4H5a4 4 0 0 0-4 4v2\"><\/path><circle cx=\"9\" cy=\"7\" r=\"4\"><\/circle><path d=\"M23 21v-2a4 4 0 0 0-3-3.87\"><\/path><path d=\"M16 3.13a4 4 0 0 1 0 7.75\"><\/path><\/svg><\/div><\/div><\/div>[vc_empty_space height=&#8221;25px&#8221;]<div class=\"gt-speakers-listing gt-style-1\"><div class=\"gt-columns gt-column-4 gt-column-space-0\"><div class=\"gt-col\"><div class=\"gt-inner\"><div class=\"gt-speaker gt-style-4\"><div class=\"gt-image\"><a href=\"https:\/\/immigrantintegration.org\/archived\/2024\/speaker\/mariana-diaz-nagore\/\"><img decoding=\"async\" width=\"48\" height=\"64\" src=\"https:\/\/immigrantintegration.org\/archived\/2024\/wp-includes\/images\/media\/default.svg\" class=\"attachment-eventchamp-thumbnail size-eventchamp-thumbnail\" alt=\"\" 0=\"\" \/><\/a><\/div><div class=\"gt-content\"><a href=\"https:\/\/immigrantintegration.org\/archived\/2024\/speaker\/mariana-diaz-nagore\/\"><\/a><div class=\"gt-name\"><a href=\"https:\/\/immigrantintegration.org\/archived\/2024\/speaker\/mariana-diaz-nagore\/\">Mariana D\u00edaz Nagore<\/a><\/div><div class=\"gt-profession\">C\u00f3nsul Titular de M\u00e9xico<\/div><\/div><\/div><\/div><\/div><div class=\"gt-col\"><div class=\"gt-inner\"><div class=\"gt-speaker gt-style-4\"><div class=\"gt-image\"><a href=\"https:\/\/immigrantintegration.org\/archived\/2024\/speaker\/maria-porras\/\"><img decoding=\"async\" width=\"48\" height=\"64\" src=\"https:\/\/immigrantintegration.org\/archived\/2024\/wp-includes\/images\/media\/default.svg\" class=\"attachment-eventchamp-thumbnail size-eventchamp-thumbnail\" alt=\"\" 0=\"\" \/><\/a><\/div><div class=\"gt-content\"><a href=\"https:\/\/immigrantintegration.org\/archived\/2024\/speaker\/maria-porras\/\"><\/a><div class=\"gt-name\"><a href=\"https:\/\/immigrantintegration.org\/archived\/2024\/speaker\/maria-porras\/\">Mar\u00eda Gabriela Porras<\/a><\/div><div class=\"gt-profession\">C\u00f3nsul General del Per\u00fa<\/div><\/div><\/div><\/div><\/div><div class=\"gt-col\"><div class=\"gt-inner\"><div class=\"gt-speaker gt-style-4\"><div class=\"gt-image\"><a href=\"https:\/\/immigrantintegration.org\/archived\/2024\/speaker\/maria-del-pilar-cruz-silva\/\"><img decoding=\"async\" width=\"48\" height=\"64\" src=\"https:\/\/immigrantintegration.org\/archived\/2024\/wp-includes\/images\/media\/default.svg\" class=\"attachment-eventchamp-thumbnail size-eventchamp-thumbnail\" alt=\"\" 0=\"\" \/><\/a><\/div><div class=\"gt-content\"><a href=\"https:\/\/immigrantintegration.org\/archived\/2024\/speaker\/maria-del-pilar-cruz-silva\/\"><\/a><div class=\"gt-name\"><a href=\"https:\/\/immigrantintegration.org\/archived\/2024\/speaker\/maria-del-pilar-cruz-silva\/\">Mar\u00eda del Pilar Cruz Silva<\/a><\/div><div class=\"gt-profession\">C\u00f3nsul de Colombia<\/div><\/div><\/div><\/div><\/div><\/div><\/div>[vc_empty_space height=&#8221;40px&#8221;][\/vc_column][\/vc_row][vc_row disable_element=&#8221;yes&#8221; el_id=&#8221;Schedule&#8221;][vc_column][vc_empty_space height=&#8221;25px&#8221;]<div class=\"gt-heading gt-dark gt-size1 gt-align-center\"><div class=\"gt-title\"><span>Agenda<\/span><\/div><div class=\"gt-separate\"><div class=\"gt-icon\"><svg xmlns=\"http:\/\/www.w3.org\/2000\/svg\" viewBox=\"0 0 24 24\" fill=\"none\" stroke=\"currentColor\" stroke-width=\"2\" stroke-linecap=\"round\" stroke-linejoin=\"round\"><path d=\"M22 19a2 2 0 0 1-2 2H4a2 2 0 0 1-2-2V5a2 2 0 0 1 2-2h5l2 3h9a2 2 0 0 1 2 2z\"><\/path><\/svg><\/div><\/div><\/div>[vc_empty_space height=&#8221;25px&#8221;][vc_empty_space height=&#8221;25px&#8221;]<div class=\"gt-get-event-content\"><div class=\"gt-event-schedule gt-style-4\"><div class=\"gt-item\"><div class=\"gt-heading\"><svg version=\"1.1\" xmlns=\"https:\/\/www.w3.org\/2000\/svg\" xmlns:xlink=\"https:\/\/www.w3.org\/1999\/xlink\" x=\"0px\" y=\"0px\" viewBox=\"0 0 511.634 511.634\" xml:space=\"preserve\"> <g> <path d=\"M482.513,83.942c-7.225-7.233-15.797-10.85-25.694-10.85h-36.541v-27.41c0-12.56-4.477-23.315-13.422-32.261 C397.906,4.475,387.157,0,374.591,0h-18.268c-12.565,0-23.318,4.475-32.264,13.422c-8.949,8.945-13.422,19.701-13.422,32.261v27.41 h-109.63v-27.41c0-12.56-4.475-23.315-13.422-32.261C178.64,4.475,167.886,0,155.321,0H137.05 c-12.562,0-23.317,4.475-32.264,13.422c-8.945,8.945-13.421,19.701-13.421,32.261v27.41H54.823c-9.9,0-18.464,3.617-25.697,10.85 c-7.233,7.232-10.85,15.8-10.85,25.697v365.453c0,9.89,3.617,18.456,10.85,25.693c7.232,7.231,15.796,10.849,25.697,10.849h401.989 c9.897,0,18.47-3.617,25.694-10.849c7.234-7.234,10.852-15.804,10.852-25.693V109.639 C493.357,99.739,489.743,91.175,482.513,83.942z M347.187,45.686c0-2.667,0.849-4.858,2.56-6.567 c1.711-1.711,3.901-2.568,6.57-2.568h18.268c2.67,0,4.853,0.854,6.57,2.568c1.712,1.712,2.567,3.903,2.567,6.567v82.224 c0,2.666-0.855,4.853-2.567,6.567c-1.718,1.709-3.9,2.568-6.57,2.568h-18.268c-2.669,0-4.859-0.855-6.57-2.568 c-1.711-1.715-2.56-3.901-2.56-6.567V45.686z M127.915,45.686c0-2.667,0.855-4.858,2.568-6.567 c1.714-1.711,3.901-2.568,6.567-2.568h18.271c2.667,0,4.858,0.854,6.567,2.568c1.711,1.712,2.57,3.903,2.57,6.567v82.224 c0,2.666-0.855,4.856-2.57,6.567c-1.713,1.709-3.9,2.568-6.567,2.568H137.05c-2.666,0-4.856-0.855-6.567-2.568 c-1.709-1.715-2.568-3.901-2.568-6.567V45.686z M456.812,475.088H54.823v-292.36h401.989V475.088z\"\/> <\/g> <g> <\/g> <g> <\/g> <g> <\/g> <g> <\/g> <g> <\/g> <g> <\/g> <g> <\/g> <g> <\/g> <g> <\/g> <g> <\/g> <g> <\/g> <g> <\/g> <g> <\/g> <g> <\/g> <g> <\/g> <\/svg><span>D\u00cdA 1 \u2013 Mi\u00e9rcoles Octubre 16<\/span><\/div><ul><li><div class=\"gt-content\"><div class=\"gt-date\">October 16, 2024 14:00<\/div><div class=\"gt-title\">2:00 PM - 2:30 PM | DISCURSO DE APERTURA<\/div><div class=\"gt-schedule-speakers\"><div class=\"gt-title\">Speakers:<\/div><div class=\"gt-list\"><ul><li><a href=\"https:\/\/immigrantintegration.org\/archived\/2024\/speaker\/gustavo-ramirez\/\"><div class=\"gt-image\"><img loading=\"lazy\" decoding=\"async\" width=\"85\" height=\"85\" src=\"https:\/\/immigrantintegration.org\/archived\/2024\/wp-content\/uploads\/2024\/01\/GR-Profile-Picture-2-85x85.png\" class=\"attachment-eventchamp-avatar size-eventchamp-avatar\" alt=\"\" srcset=\"https:\/\/immigrantintegration.org\/archived\/2024\/wp-content\/uploads\/2024\/01\/GR-Profile-Picture-2-85x85.png 85w, https:\/\/immigrantintegration.org\/archived\/2024\/wp-content\/uploads\/2024\/01\/GR-Profile-Picture-2-300x300.png 300w, https:\/\/immigrantintegration.org\/archived\/2024\/wp-content\/uploads\/2024\/01\/GR-Profile-Picture-2-150x150.png 150w, https:\/\/immigrantintegration.org\/archived\/2024\/wp-content\/uploads\/2024\/01\/GR-Profile-Picture-2-350x350.png 350w, https:\/\/immigrantintegration.org\/archived\/2024\/wp-content\/uploads\/2024\/01\/GR-Profile-Picture-2.png 600w\" sizes=\"(max-width: 85px) 100vw, 85px\" \/><\/div><div class=\"gt-detail\"><div class=\"gt-name\">Gustavo Ramirez<\/div><div class=\"gt-profession\">Director Ejecutivo<\/div><\/div><\/a><\/li><li><a href=\"https:\/\/immigrantintegration.org\/archived\/2024\/speaker\/ileana-montes\/\"><div class=\"gt-image\"><img loading=\"lazy\" decoding=\"async\" width=\"48\" height=\"64\" src=\"https:\/\/immigrantintegration.org\/archived\/2024\/wp-includes\/images\/media\/default.svg\" class=\"attachment-eventchamp-avatar size-eventchamp-avatar\" alt=\"\" 0=\"\" \/><\/div><div class=\"gt-detail\"><div class=\"gt-name\">Ileana Montes, Esq.<\/div><div class=\"gt-profession\">IACO - Directora Adjunta y Consejera General<\/div><\/div><\/a><\/li><\/ul><\/div><\/div><\/div><\/li><li><div class=\"gt-content\"><div class=\"gt-date\">October 16, 2024 14:00<\/div><div class=\"gt-title\">2:00 PM - 3:30 PM | CAMPA\u00d1A DE CIUDADAN\u00cdA<\/div><div class=\"gt-text\"><p>Campa\u00f1a de Ciudadan\u00eda para apoyar a los inmigrantes en su camino hacia la ciudadan\u00eda estadounidense. Incluye una presentaci\u00f3n informativa, asistencia personalizada en la elegibilidad para la naturalizaci\u00f3n, y acceso a recursos locales que facilitan el proceso de integraci\u00f3n.<\/p>\n<\/div><\/div><\/li><li><div class=\"gt-content\"><div class=\"gt-date\">October 16, 2024 16:00<\/div><div class=\"gt-title\">4:00 PM -  5:30 PM | TALLER DE INMIGRACI\u00d3N<\/div><div class=\"gt-text\"><p>Taller de Inmigraci\u00f3n para apoyar a los inmigrantes en su camino hacia alivios migratorios en Estados Unidos. Incluye una presentaci\u00f3n informativa, asistencia personalizada en la elegibilidad para alivios migratorios, y acceso a recursos locales que facilitan el proceso de integraci\u00f3n.<\/p>\n<\/div><\/div><\/li><\/ul><\/div><div class=\"gt-item\"><div class=\"gt-heading\"><svg version=\"1.1\" xmlns=\"https:\/\/www.w3.org\/2000\/svg\" xmlns:xlink=\"https:\/\/www.w3.org\/1999\/xlink\" x=\"0px\" y=\"0px\" viewBox=\"0 0 511.634 511.634\" xml:space=\"preserve\"> <g> <path d=\"M482.513,83.942c-7.225-7.233-15.797-10.85-25.694-10.85h-36.541v-27.41c0-12.56-4.477-23.315-13.422-32.261 C397.906,4.475,387.157,0,374.591,0h-18.268c-12.565,0-23.318,4.475-32.264,13.422c-8.949,8.945-13.422,19.701-13.422,32.261v27.41 h-109.63v-27.41c0-12.56-4.475-23.315-13.422-32.261C178.64,4.475,167.886,0,155.321,0H137.05 c-12.562,0-23.317,4.475-32.264,13.422c-8.945,8.945-13.421,19.701-13.421,32.261v27.41H54.823c-9.9,0-18.464,3.617-25.697,10.85 c-7.233,7.232-10.85,15.8-10.85,25.697v365.453c0,9.89,3.617,18.456,10.85,25.693c7.232,7.231,15.796,10.849,25.697,10.849h401.989 c9.897,0,18.47-3.617,25.694-10.849c7.234-7.234,10.852-15.804,10.852-25.693V109.639 C493.357,99.739,489.743,91.175,482.513,83.942z M347.187,45.686c0-2.667,0.849-4.858,2.56-6.567 c1.711-1.711,3.901-2.568,6.57-2.568h18.268c2.67,0,4.853,0.854,6.57,2.568c1.712,1.712,2.567,3.903,2.567,6.567v82.224 c0,2.666-0.855,4.853-2.567,6.567c-1.718,1.709-3.9,2.568-6.57,2.568h-18.268c-2.669,0-4.859-0.855-6.57-2.568 c-1.711-1.715-2.56-3.901-2.56-6.567V45.686z M127.915,45.686c0-2.667,0.855-4.858,2.568-6.567 c1.714-1.711,3.901-2.568,6.567-2.568h18.271c2.667,0,4.858,0.854,6.567,2.568c1.711,1.712,2.57,3.903,2.57,6.567v82.224 c0,2.666-0.855,4.856-2.57,6.567c-1.713,1.709-3.9,2.568-6.567,2.568H137.05c-2.666,0-4.856-0.855-6.567-2.568 c-1.709-1.715-2.568-3.901-2.568-6.567V45.686z M456.812,475.088H54.823v-292.36h401.989V475.088z\"\/> <\/g> <g> <\/g> <g> <\/g> <g> <\/g> <g> <\/g> <g> <\/g> <g> <\/g> <g> <\/g> <g> <\/g> <g> <\/g> <g> <\/g> <g> <\/g> <g> <\/g> <g> <\/g> <g> <\/g> <g> <\/g> <\/svg><span>D\u00cdA 2 \u2013  Jueves Octubre 17<\/span><\/div><ul><li><div class=\"gt-content\"><div class=\"gt-date\">October 17, 2024 14:00<\/div><div class=\"gt-title\">2:00 PM - 2:30 PM | DISCURSO DE APERTURA<\/div><\/div><\/li><li><div class=\"gt-content\"><div class=\"gt-date\">October 17, 2024 14:00<\/div><div class=\"gt-title\">2:00 PM -  5:30 PM | FERIA CONSULAR Y DE SERVICIOS<\/div><div class=\"gt-text\"><p>Feria Consular y de Servicios para conectar a los inmigrantes con sus oficinas consulares y oficinas locales que proporciona a los inmigrantes acceso a servicios consulares, asistencia legal, y recursos comunitarios.<\/p>\n<\/div><\/div><\/li><li><div class=\"gt-content\"><div class=\"gt-date\">October 17, 2024 14:00<\/div><div class=\"gt-title\">2:00 PM -  3:30 PM | MESA REDONDA CON LOS CONSULADOS<\/div><div class=\"gt-text\"><p>Mesa Redonda con Consulados para establecer conexiones y facilitar la integraci\u00f3n de inmigrantes y Nuevos Americanos en los Estados Unidos, celebrando a la vez su pa\u00eds de origen.<\/p>\n<\/div><\/div><\/li><li><div class=\"gt-content\"><div class=\"gt-date\">October 17, 2024 16:00<\/div><div class=\"gt-title\">4:00 PM - 5:30 PM | MESA REDONDA CON PROVEEDORES DE SERVICIOS<\/div><div class=\"gt-text\"><p>Mesa Redonda con Proveedores de Servicios para establecer conexiones y facilitar la integraci\u00f3n de inmigrantes y Nuevos Americanos en los Estados Unidos, celebrando a la vez su pa\u00eds de origen.<\/p>\n<\/div><\/div><\/li><\/ul><\/div><div class=\"gt-item\"><div class=\"gt-heading\"><svg version=\"1.1\" xmlns=\"https:\/\/www.w3.org\/2000\/svg\" xmlns:xlink=\"https:\/\/www.w3.org\/1999\/xlink\" x=\"0px\" y=\"0px\" viewBox=\"0 0 511.634 511.634\" xml:space=\"preserve\"> <g> <path d=\"M482.513,83.942c-7.225-7.233-15.797-10.85-25.694-10.85h-36.541v-27.41c0-12.56-4.477-23.315-13.422-32.261 C397.906,4.475,387.157,0,374.591,0h-18.268c-12.565,0-23.318,4.475-32.264,13.422c-8.949,8.945-13.422,19.701-13.422,32.261v27.41 h-109.63v-27.41c0-12.56-4.475-23.315-13.422-32.261C178.64,4.475,167.886,0,155.321,0H137.05 c-12.562,0-23.317,4.475-32.264,13.422c-8.945,8.945-13.421,19.701-13.421,32.261v27.41H54.823c-9.9,0-18.464,3.617-25.697,10.85 c-7.233,7.232-10.85,15.8-10.85,25.697v365.453c0,9.89,3.617,18.456,10.85,25.693c7.232,7.231,15.796,10.849,25.697,10.849h401.989 c9.897,0,18.47-3.617,25.694-10.849c7.234-7.234,10.852-15.804,10.852-25.693V109.639 C493.357,99.739,489.743,91.175,482.513,83.942z M347.187,45.686c0-2.667,0.849-4.858,2.56-6.567 c1.711-1.711,3.901-2.568,6.57-2.568h18.268c2.67,0,4.853,0.854,6.57,2.568c1.712,1.712,2.567,3.903,2.567,6.567v82.224 c0,2.666-0.855,4.853-2.567,6.567c-1.718,1.709-3.9,2.568-6.57,2.568h-18.268c-2.669,0-4.859-0.855-6.57-2.568 c-1.711-1.715-2.56-3.901-2.56-6.567V45.686z M127.915,45.686c0-2.667,0.855-4.858,2.568-6.567 c1.714-1.711,3.901-2.568,6.567-2.568h18.271c2.667,0,4.858,0.854,6.567,2.568c1.711,1.712,2.57,3.903,2.57,6.567v82.224 c0,2.666-0.855,4.856-2.57,6.567c-1.713,1.709-3.9,2.568-6.567,2.568H137.05c-2.666,0-4.856-0.855-6.567-2.568 c-1.709-1.715-2.568-3.901-2.568-6.567V45.686z M456.812,475.088H54.823v-292.36h401.989V475.088z\"\/> <\/g> <g> <\/g> <g> <\/g> <g> <\/g> <g> <\/g> <g> <\/g> <g> <\/g> <g> <\/g> <g> <\/g> <g> <\/g> <g> <\/g> <g> <\/g> <g> <\/g> <g> <\/g> <g> <\/g> <g> <\/g> <\/svg><span>D\u00cdA 3 \u2013 Viernes Octubre 18<\/span><\/div><ul><li><div class=\"gt-content\"><div class=\"gt-date\">October 18, 2024 17:00<\/div><div class=\"gt-title\">5:00 PM - 6:00 PM | DISCURSO DE APERTURA<\/div><\/div><\/li><li><div class=\"gt-content\"><div class=\"gt-date\">October 18, 2024 18:00<\/div><div class=\"gt-title\">6:00 PM - 8:00 PM | CEREMONIA DE ENTREGA DE BECAS<\/div><\/div><\/li><\/ul><\/div><\/div><\/div>[vc_empty_space height=&#8221;40px&#8221;][\/vc_column][\/vc_row][vc_row el_id=&#8221;Sponsors&#8221;][vc_column][vc_empty_space height=&#8221;25px&#8221;]<div class=\"gt-heading gt-dark gt-size1 gt-align-center\"><div class=\"gt-title\"><span>Organizaciones Participantes<\/span><\/div><div class=\"gt-separate\"><div class=\"gt-icon\"><svg xmlns=\"http:\/\/www.w3.org\/2000\/svg\" viewBox=\"0 0 24 24\" fill=\"none\" stroke=\"currentColor\" stroke-width=\"2\" stroke-linecap=\"round\" stroke-linejoin=\"round\"><polyline points=\"20 12 20 22 4 22 4 12\"><\/polyline><rect x=\"2\" y=\"7\" width=\"20\" height=\"5\"><\/rect><line x1=\"12\" y1=\"22\" x2=\"12\" y2=\"7\"><\/line><path d=\"M12 7H7.5a2.5 2.5 0 0 1 0-5C11 2 12 7 12 7z\"><\/path><path d=\"M12 7h4.5a2.5 2.5 0 0 0 0-5C13 2 12 7 12 7z\"><\/path><\/svg><\/div><\/div><\/div>[vc_empty_space height=&#8221;25px&#8221;]<div class=\"gt-get-event-content\"><div class=\"gt-event-sponsors gt-type-1 gt-style-5\"><div class=\"gt-columns gt-column-space-15 gt-column-7\"><div class=\"gt-col\"><div class=\"gt-inner\"><div class=\"gt-logo\"><a href=\"https:\/\/iacoimmigration.org\/\" target=\"_blank\"><img loading=\"lazy\" decoding=\"async\" width=\"150\" height=\"150\" src=\"https:\/\/immigrantintegration.org\/archived\/2024\/wp-content\/uploads\/2023\/10\/IACO-Transparente.png\" class=\"gt-grayscale-false\" alt=\"\" srcset=\"https:\/\/immigrantintegration.org\/archived\/2024\/wp-content\/uploads\/2023\/10\/IACO-Transparente.png 150w, https:\/\/immigrantintegration.org\/archived\/2024\/wp-content\/uploads\/2023\/10\/IACO-Transparente-85x85.png 85w, https:\/\/immigrantintegration.org\/archived\/2024\/wp-content\/uploads\/2023\/10\/IACO-Transparente-100x100.png 100w\" sizes=\"(max-width: 150px) 100vw, 150px\" \/><\/a><span>IACO Immigration and American Citizenship Organization<\/span><\/div><\/div><\/div><div class=\"gt-col\"><div class=\"gt-inner\"><div class=\"gt-logo\"><a href=\"https:\/\/pccc.edu\/\" target=\"_blank\"><img loading=\"lazy\" decoding=\"async\" width=\"180\" height=\"180\" src=\"https:\/\/immigrantintegration.org\/archived\/2024\/wp-content\/uploads\/2024\/06\/pccc_logo.gif\" class=\"gt-grayscale-false\" alt=\"\" \/><\/a><span>Passaic County Community College<\/span><\/div><\/div><\/div><div class=\"gt-col\"><div class=\"gt-inner\"><div class=\"gt-logo\"><a href=\"https:\/\/newark.consulado.gov.co\/\" target=\"_blank\"><img loading=\"lazy\" decoding=\"async\" width=\"220\" height=\"220\" src=\"https:\/\/immigrantintegration.org\/archived\/2024\/wp-content\/uploads\/2023\/09\/23.png\" class=\"gt-grayscale-false\" alt=\"\" srcset=\"https:\/\/immigrantintegration.org\/archived\/2024\/wp-content\/uploads\/2023\/09\/23.png 220w, https:\/\/immigrantintegration.org\/archived\/2024\/wp-content\/uploads\/2023\/09\/23-150x150.png 150w, https:\/\/immigrantintegration.org\/archived\/2024\/wp-content\/uploads\/2023\/09\/23-85x85.png 85w, https:\/\/immigrantintegration.org\/archived\/2024\/wp-content\/uploads\/2023\/09\/23-100x100.png 100w\" sizes=\"(max-width: 220px) 100vw, 220px\" \/><\/a><span>Consulado de Colombia en Newark<\/span><\/div><\/div><\/div><div class=\"gt-col\"><div class=\"gt-inner\"><div class=\"gt-logo\"><a href=\"https:\/\/portales.sre.gob.mx\/directorio\/index.php\/consulados-de-mexico-en-el-exterior\/new-brunswick\" target=\"_blank\"><img loading=\"lazy\" decoding=\"async\" width=\"250\" height=\"220\" src=\"https:\/\/immigrantintegration.org\/archived\/2024\/wp-content\/uploads\/2024\/06\/CONSULMEX-NEW-BRUNSWICK_Ai-1-250x220.jpg\" class=\"gt-grayscale-false\" alt=\"\" \/><\/a><span>Consulado de Mexico en New Brunswick<\/span><\/div><\/div><\/div><div class=\"gt-col\"><div class=\"gt-inner\"><div class=\"gt-logo\"><a href=\"https:\/\/www.consulado.pe\/es\/Paterson\/Paginas\/Inicio.aspx\" target=\"_blank\"><img loading=\"lazy\" decoding=\"async\" width=\"250\" height=\"220\" src=\"https:\/\/immigrantintegration.org\/archived\/2024\/wp-content\/uploads\/2024\/06\/image-2-250x220.png\" class=\"gt-grayscale-false\" alt=\"\" \/><\/a><span>Consulado General del Per\u00fa en Paterson<\/span><\/div><\/div><\/div><div class=\"gt-col\"><div class=\"gt-inner\"><div class=\"gt-logo\"><a href=\"https:\/\/www.nj.gov\/humanservices\/njnewamericans\/\" target=\"_blank\"><img loading=\"lazy\" decoding=\"async\" width=\"250\" height=\"220\" src=\"https:\/\/immigrantintegration.org\/archived\/2024\/wp-content\/uploads\/2023\/09\/Organization-ONA-250x220.png\" class=\"gt-grayscale-false\" alt=\"\" \/><\/a><span>NJ Office of New Americans<\/span><\/div><\/div><\/div><div class=\"gt-col\"><div class=\"gt-inner\"><div class=\"gt-logo\"><a href=\"https:\/\/www.lanfoundation.org\/\" target=\"_blank\"><img loading=\"lazy\" decoding=\"async\" width=\"250\" height=\"220\" src=\"https:\/\/immigrantintegration.org\/archived\/2024\/wp-content\/uploads\/2024\/03\/347651796_617561750285112_6239623558803218678_n-250x220.png\" class=\"gt-grayscale-false\" alt=\"\" \/><\/a><span>Latino Action Network Foundation<\/span><\/div><\/div><\/div><div class=\"gt-col\"><div class=\"gt-inner\"><div class=\"gt-logo\"><a href=\"https:\/\/www.nj.gov\/dcf\/women\/index.html\" target=\"_blank\"><img loading=\"lazy\" decoding=\"async\" width=\"220\" height=\"220\" src=\"https:\/\/immigrantintegration.org\/archived\/2024\/wp-content\/uploads\/2024\/03\/Division-of-Women.png\" class=\"gt-grayscale-false\" alt=\"\" srcset=\"https:\/\/immigrantintegration.org\/archived\/2024\/wp-content\/uploads\/2024\/03\/Division-of-Women.png 220w, https:\/\/immigrantintegration.org\/archived\/2024\/wp-content\/uploads\/2024\/03\/Division-of-Women-150x150.png 150w, https:\/\/immigrantintegration.org\/archived\/2024\/wp-content\/uploads\/2024\/03\/Division-of-Women-85x85.png 85w\" sizes=\"(max-width: 220px) 100vw, 220px\" \/><\/a><span>NJ Division of Women<\/span><\/div><\/div><\/div><div class=\"gt-col\"><div class=\"gt-inner\"><div class=\"gt-logo\"><a href=\"https:\/\/www.nj.gov\/labor\/\" target=\"_blank\"><img loading=\"lazy\" decoding=\"async\" width=\"225\" height=\"220\" src=\"https:\/\/immigrantintegration.org\/archived\/2024\/wp-content\/uploads\/2024\/06\/NJDOL-Profile-Picture-225x220.jpg\" class=\"gt-grayscale-false\" alt=\"\" \/><\/a><span>NJ Department of Labor<\/span><\/div><\/div><\/div><div class=\"gt-col\"><div class=\"gt-inner\"><div class=\"gt-logo\"><a href=\"https:\/\/www.nj.gov\/health\/\" target=\"_blank\"><img loading=\"lazy\" decoding=\"async\" width=\"225\" height=\"220\" src=\"https:\/\/immigrantintegration.org\/archived\/2024\/wp-content\/uploads\/2024\/06\/NJDOH-Profile-Picture-225x220.jpg\" class=\"gt-grayscale-false\" alt=\"\" \/><\/a><span>NJ Department of Health<\/span><\/div><\/div><\/div><div class=\"gt-col\"><div class=\"gt-inner\"><div class=\"gt-logo\"><a href=\"https:\/\/www.centercitypaterson.com\/\" target=\"_blank\"><img loading=\"lazy\" decoding=\"async\" width=\"220\" height=\"220\" src=\"https:\/\/immigrantintegration.org\/archived\/2024\/wp-content\/uploads\/2024\/06\/Center-City-Mall-Profile-Picture.png\" class=\"gt-grayscale-false\" alt=\"\" srcset=\"https:\/\/immigrantintegration.org\/archived\/2024\/wp-content\/uploads\/2024\/06\/Center-City-Mall-Profile-Picture.png 220w, https:\/\/immigrantintegration.org\/archived\/2024\/wp-content\/uploads\/2024\/06\/Center-City-Mall-Profile-Picture-150x150.png 150w, https:\/\/immigrantintegration.org\/archived\/2024\/wp-content\/uploads\/2024\/06\/Center-City-Mall-Profile-Picture-85x85.png 85w\" sizes=\"(max-width: 220px) 100vw, 220px\" \/><\/a><span>Center City Mall<\/span><\/div><\/div><\/div><div class=\"gt-col\"><div class=\"gt-inner\"><div class=\"gt-logo\"><a href=\"https:\/\/www.almarealty.com\/\" target=\"_blank\"><img loading=\"lazy\" decoding=\"async\" width=\"60\" height=\"60\" src=\"https:\/\/immigrantintegration.org\/archived\/2024\/wp-content\/uploads\/2024\/06\/Alma-Realty-Profile-Picture.png\" class=\"gt-grayscale-false\" alt=\"\" \/><\/a><span>Alma Realty<\/span><\/div><\/div><\/div><div class=\"gt-col\"><div class=\"gt-inner\"><div class=\"gt-logo\"><a href=\"https:\/\/nj.pseg.com\/\" target=\"_blank\"><img loading=\"lazy\" decoding=\"async\" width=\"250\" height=\"220\" src=\"https:\/\/immigrantintegration.org\/archived\/2024\/wp-content\/uploads\/2024\/03\/pseg-logo-250x220.jpg\" class=\"gt-grayscale-false\" alt=\"\" \/><\/a><span>PSE&amp;G<\/span><\/div><\/div><\/div><div class=\"gt-col\"><div class=\"gt-inner\"><div class=\"gt-logo\"><a href=\"https:\/\/www.uscis.gov\/\" target=\"_blank\"><img loading=\"lazy\" decoding=\"async\" width=\"250\" height=\"220\" src=\"https:\/\/immigrantintegration.org\/archived\/2024\/wp-content\/uploads\/2024\/06\/uscis.new_.resize.1-250x220.jpg\" class=\"gt-grayscale-false\" alt=\"\" srcset=\"https:\/\/immigrantintegration.org\/archived\/2024\/wp-content\/uploads\/2024\/06\/uscis.new_.resize.1-250x220.jpg 250w, https:\/\/immigrantintegration.org\/archived\/2024\/wp-content\/uploads\/2024\/06\/uscis.new_.resize.1-640x560.jpg 640w\" sizes=\"(max-width: 250px) 100vw, 250px\" \/><\/a><span>USCIS<\/span><\/div><\/div><\/div><div class=\"gt-col\"><div class=\"gt-inner\"><div class=\"gt-logo\"><a href=\"https:\/\/passaiccounty-dsvc.njaconline.org\/\" target=\"_blank\"><img loading=\"lazy\" decoding=\"async\" width=\"100\" height=\"100\" src=\"https:\/\/immigrantintegration.org\/archived\/2024\/wp-content\/uploads\/2024\/06\/PCDSVC.png\" class=\"gt-grayscale-false\" alt=\"\" srcset=\"https:\/\/immigrantintegration.org\/archived\/2024\/wp-content\/uploads\/2024\/06\/PCDSVC.png 100w, https:\/\/immigrantintegration.org\/archived\/2024\/wp-content\/uploads\/2024\/06\/PCDSVC-85x85.png 85w\" sizes=\"(max-width: 100px) 100vw, 100px\" \/><\/a><span>Passaic County Domestic and Sexual Violence Center<\/span><\/div><\/div><\/div><div class=\"gt-col\"><div class=\"gt-inner\"><div class=\"gt-logo\"><a href=\"https:\/\/www.pcponj.org\/\" target=\"_blank\"><img loading=\"lazy\" decoding=\"async\" width=\"250\" height=\"220\" src=\"https:\/\/immigrantintegration.org\/archived\/2024\/wp-content\/uploads\/2024\/06\/Passaic-County-Prosecutors-250x220.jpg\" class=\"gt-grayscale-false\" alt=\"\" srcset=\"https:\/\/immigrantintegration.org\/archived\/2024\/wp-content\/uploads\/2024\/06\/Passaic-County-Prosecutors-250x220.jpg 250w, https:\/\/immigrantintegration.org\/archived\/2024\/wp-content\/uploads\/2024\/06\/Passaic-County-Prosecutors-400x350.jpg 400w\" sizes=\"(max-width: 250px) 100vw, 250px\" \/><\/a><span>Passaic County Prosecutor\u2019s Office<\/span><\/div><\/div><\/div><div class=\"gt-col\"><div class=\"gt-inner\"><div class=\"gt-logo\"><a href=\"https:\/\/www.nj.gov\/state\/chprd.shtml\" target=\"_blank\"><img loading=\"lazy\" decoding=\"async\" width=\"220\" height=\"220\" src=\"https:\/\/immigrantintegration.org\/archived\/2024\/wp-content\/uploads\/2023\/09\/chprd_spar.jpg\" class=\"gt-grayscale-false\" alt=\"\" srcset=\"https:\/\/immigrantintegration.org\/archived\/2024\/wp-content\/uploads\/2023\/09\/chprd_spar.jpg 220w, https:\/\/immigrantintegration.org\/archived\/2024\/wp-content\/uploads\/2023\/09\/chprd_spar-150x150.jpg 150w, https:\/\/immigrantintegration.org\/archived\/2024\/wp-content\/uploads\/2023\/09\/chprd_spar-85x85.jpg 85w, https:\/\/immigrantintegration.org\/archived\/2024\/wp-content\/uploads\/2023\/09\/chprd_spar-100x100.jpg 100w\" sizes=\"(max-width: 220px) 100vw, 220px\" \/><\/a><span>Center for Hispanic Policy, Research and Development<\/span><\/div><\/div><\/div><div class=\"gt-col\"><div class=\"gt-inner\"><div class=\"gt-logo\"><a href=\"https:\/\/www.osha.gov\/\" target=\"_blank\"><img loading=\"lazy\" decoding=\"async\" width=\"195\" height=\"195\" src=\"https:\/\/immigrantintegration.org\/archived\/2024\/wp-content\/uploads\/2024\/06\/osha.png\" class=\"gt-grayscale-false\" alt=\"\" srcset=\"https:\/\/immigrantintegration.org\/archived\/2024\/wp-content\/uploads\/2024\/06\/osha.png 195w, https:\/\/immigrantintegration.org\/archived\/2024\/wp-content\/uploads\/2024\/06\/osha-150x150.png 150w, https:\/\/immigrantintegration.org\/archived\/2024\/wp-content\/uploads\/2024\/06\/osha-85x85.png 85w\" sizes=\"(max-width: 195px) 100vw, 195px\" \/><\/a><span>Occupational Safety and Health Administration<\/span><\/div><\/div><\/div><div class=\"gt-col\"><div class=\"gt-inner\"><div class=\"gt-logo\"><a href=\"https:\/\/www.drcharissapizarro.com\/\" target=\"_blank\"><img loading=\"lazy\" decoding=\"async\" width=\"250\" height=\"220\" src=\"https:\/\/immigrantintegration.org\/archived\/2024\/wp-content\/uploads\/2024\/06\/Charissa-D.-Pizarro-Psy.-D.-Psychological-Services-LLC-250x220.png\" class=\"gt-grayscale-false\" alt=\"\" srcset=\"https:\/\/immigrantintegration.org\/archived\/2024\/wp-content\/uploads\/2024\/06\/Charissa-D.-Pizarro-Psy.-D.-Psychological-Services-LLC-250x220.png 250w, https:\/\/immigrantintegration.org\/archived\/2024\/wp-content\/uploads\/2024\/06\/Charissa-D.-Pizarro-Psy.-D.-Psychological-Services-LLC-400x350.png 400w\" sizes=\"(max-width: 250px) 100vw, 250px\" \/><\/a><span>Charissa D. Pizarro, Psy. D. Psychological Services LLC<\/span><\/div><\/div><\/div><div class=\"gt-col\"><div class=\"gt-inner\"><div class=\"gt-logo\"><a href=\"https:\/\/oasisnj.org\/\" target=\"_blank\"><img loading=\"lazy\" decoding=\"async\" width=\"250\" height=\"220\" src=\"https:\/\/immigrantintegration.org\/archived\/2024\/wp-content\/uploads\/2024\/06\/invisibleoasis.1-250x220.png\" class=\"gt-grayscale-false\" alt=\"\" srcset=\"https:\/\/immigrantintegration.org\/archived\/2024\/wp-content\/uploads\/2024\/06\/invisibleoasis.1-250x220.png 250w, https:\/\/immigrantintegration.org\/archived\/2024\/wp-content\/uploads\/2024\/06\/invisibleoasis.1-400x350.png 400w\" sizes=\"(max-width: 250px) 100vw, 250px\" \/><\/a><span>OASIS<\/span><\/div><\/div><\/div><div class=\"gt-col\"><div class=\"gt-inner\"><div class=\"gt-logo\"><img loading=\"lazy\" decoding=\"async\" width=\"250\" height=\"220\" src=\"https:\/\/immigrantintegration.org\/archived\/2024\/wp-content\/uploads\/2024\/06\/Rapid-Mobile-Reponse-Team-250x220.png\" class=\"gt-grayscale-false\" alt=\"\" srcset=\"https:\/\/immigrantintegration.org\/archived\/2024\/wp-content\/uploads\/2024\/06\/Rapid-Mobile-Reponse-Team-250x220.png 250w, https:\/\/immigrantintegration.org\/archived\/2024\/wp-content\/uploads\/2024\/06\/Rapid-Mobile-Reponse-Team-400x350.png 400w\" sizes=\"(max-width: 250px) 100vw, 250px\" \/><span>Rapid Mobile Response Team<\/span><\/div><\/div><\/div><div class=\"gt-col\"><div class=\"gt-inner\"><div class=\"gt-logo\"><a href=\"https:\/\/www.visionsfcu.org\/\" target=\"_blank\"><img loading=\"lazy\" decoding=\"async\" width=\"250\" height=\"220\" src=\"https:\/\/immigrantintegration.org\/archived\/2024\/wp-content\/uploads\/2024\/06\/visions-federal-credit-union-250x220.jpg\" class=\"gt-grayscale-false\" alt=\"\" srcset=\"https:\/\/immigrantintegration.org\/archived\/2024\/wp-content\/uploads\/2024\/06\/visions-federal-credit-union-250x220.jpg 250w, https:\/\/immigrantintegration.org\/archived\/2024\/wp-content\/uploads\/2024\/06\/visions-federal-credit-union-400x350.jpg 400w\" sizes=\"(max-width: 250px) 100vw, 250px\" \/><\/a><span>Visions Federal Credit Union<\/span><\/div><\/div><\/div><div class=\"gt-col\"><div class=\"gt-inner\"><div class=\"gt-logo\"><a href=\"https:\/\/www.facebook.com\/ConNewJerseySV\/\" target=\"_blank\"><img loading=\"lazy\" decoding=\"async\" width=\"250\" height=\"220\" src=\"https:\/\/immigrantintegration.org\/archived\/2024\/wp-content\/uploads\/2024\/06\/ElSalvadorConsulate-250x220.png\" class=\"gt-grayscale-false\" alt=\"\" srcset=\"https:\/\/immigrantintegration.org\/archived\/2024\/wp-content\/uploads\/2024\/06\/ElSalvadorConsulate-250x220.png 250w, https:\/\/immigrantintegration.org\/archived\/2024\/wp-content\/uploads\/2024\/06\/ElSalvadorConsulate-400x350.png 400w\" sizes=\"(max-width: 250px) 100vw, 250px\" \/><\/a><span>Consulado de El Salvador<\/span><\/div><\/div><\/div><\/div><\/div><\/div>[vc_empty_space height=&#8221;40px&#8221;][\/vc_column][\/vc_row][vc_row full_width=&#8221;stretch_row&#8221; row-text-align=&#8221;center&#8221; background-position=&#8221;center-center&#8221; background-attachment=&#8221;fixed&#8221; css=&#8221;.vc_custom_1560529808109{background: #121219 url(https:\/\/demo.gloriathemes.com\/eventchamp\/demo\/wp-content\/uploads\/2018\/11\/section-2.jpg?id=699) !important;background-position: center !important;background-repeat: no-repeat !important;background-size: cover !important;}&#8221; el_id=&#8221;Venue&#8221;][vc_column][vc_empty_space height=&#8221;25px&#8221;]<div class=\"gt-heading gt-white gt-size1 gt-align-center\"><div class=\"gt-title\"><span>IACO Immigration and American Citizenship Organization<\/span><\/div><div class=\"gt-separate\"><div class=\"gt-icon\"><svg xmlns=\"http:\/\/www.w3.org\/2000\/svg\" viewBox=\"0 0 24 24\" fill=\"none\" stroke=\"currentColor\" stroke-width=\"2\" stroke-linecap=\"round\" stroke-linejoin=\"round\"><path d=\"M21 10c0 7-9 13-9 13s-9-6-9-13a9 9 0 0 1 18 0z\"><\/path><circle cx=\"12\" cy=\"10\" r=\"3\"><\/circle><\/svg><\/div><\/div><div class=\"gt-text\">CENTER CITY MALL 301 MAIN STREET PATERSON, NJ, 07505<\/div><\/div>[vc_empty_space height=&#8221;25px&#8221;][vc_gmaps link=&#8221;#E-8_JTNDaWZyYW1lJTIwc3JjJTNEJTIyaHR0cHMlM0ElMkYlMkZ3d3cuZ29vZ2xlLmNvbSUyRm1hcHMlMkZlbWJlZCUzRnBiJTNEJTIxMW0xNCUyMTFtOCUyMTFtMyUyMTFkMTIwNjAuMTAzNTgwMzk2NTM1JTIxMmQtNzQuMTczMTgwOSUyMTNkNDAuOTE1MTc4MSUyMTNtMiUyMTFpMTAyNCUyMTJpNzY4JTIxNGYxMy4xJTIxM20zJTIxMW0yJTIxMXMweDg5YzJmZWQzMTM3MWY5MjclMjUzQTB4ZGVjMjgwMWNmYjdiZGZhMCUyMTJzSUFDTyUyNTJDJTI1MjBJbW1pZ3JhdGlvbiUyNTIwYW5kJTI1MjBBbWVyaWNhbiUyNTIwQ2l0aXplbnNoaXAlMjUyME9yZ2FuaXphdGlvbiUyMTVlMCUyMTNtMiUyMTFzZW4lMjEyc3VzJTIxNHYxNjkyNDgxOTM2MjgwJTIxNW0yJTIxMXNlbiUyMTJzdXMlMjIlMjB3aWR0aCUzRCUyMjYwMCUyMiUyMGhlaWdodCUzRCUyMjQ1MCUyMiUyMHN0eWxlJTNEJTIyYm9yZGVyJTNBMCUzQiUyMiUyMGFsbG93ZnVsbHNjcmVlbiUzRCUyMiUyMiUyMGxvYWRpbmclM0QlMjJsYXp5JTIyJTIwcmVmZXJyZXJwb2xpY3klM0QlMjJuby1yZWZlcnJlci13aGVuLWRvd25ncmFkZSUyMiUzRSUzQyUyRmlmcmFtZSUzRQ==&#8221;][vc_empty_space height=&#8221;40px&#8221;][\/vc_column][\/vc_row][vc_row][vc_column offset=&#8221;vc_col-lg-2 vc_col-md-2 vc_hidden-sm vc_col-xs-12 vc_hidden-xs&#8221;][\/vc_column][vc_column row-text-align=&#8221;center&#8221; offset=&#8221;vc_col-lg-8 vc_col-md-8 vc_col-xs-12&#8243;][vc_empty_space height=&#8221;25px&#8221;][vc_empty_space height=&#8221;25px&#8221;][vc_empty_space height=&#8221;40px&#8221;][\/vc_column][vc_column offset=&#8221;vc_col-lg-2 vc_col-md-2 vc_hidden-sm vc_col-xs-12 vc_hidden-xs&#8221;][\/vc_column][\/vc_row]<\/p>\n<\/section>","protected":false},"excerpt":{"rendered":"<p>[vc_row full_width=&#8221;stretch_row_content_no_spaces&#8221;][vc_column][\/vc_column][\/vc_row][vc_row][vc_column][vc_empty_space height=&#8221;10px&#8221;][vc_single_image image=&#8221;3591&#8243; alignment=&#8221;center&#8221;][vc_separator][\/vc_column][\/vc_row][vc_row el_id=&#8221;About&#8221;][vc_column][vc_empty_space height=&#8221;10px&#8221;][vc_empty_space height=&#8221;25px&#8221;][vc_video link=&#8221;https:\/\/www.youtube.com\/live\/W-OopuQLb10&#8243; align=&#8221;center&#8221;][vc_empty_space height=&#8221;25px&#8221;][vc_empty_space height=&#8221;25px&#8221;][vc_column_text] \u00danase a la Conferencia de Integraci\u00f3n de Inmigrantes 2024, organizada por IACO, del 16 al 18 de octubre para celebrar el 25\u00ba aniversario de la organizaci\u00f3n. Este evento&#8230;<\/p>\n","protected":false},"author":1,"featured_media":0,"parent":0,"menu_order":0,"comment_status":"closed","ping_status":"closed","template":"","meta":{"_monsterinsights_skip_tracking":false,"_monsterinsights_sitenote_active":false,"_monsterinsights_sitenote_note":"","_monsterinsights_sitenote_category":0,"footnotes":""},"class_list":["post-3921","page","type-page","status-publish","hentry"],"_links":{"self":[{"href":"https:\/\/immigrantintegration.org\/archived\/2024\/wp-json\/wp\/v2\/pages\/3921","targetHints":{"allow":["GET"]}}],"collection":[{"href":"https:\/\/immigrantintegration.org\/archived\/2024\/wp-json\/wp\/v2\/pages"}],"about":[{"href":"https:\/\/immigrantintegration.org\/archived\/2024\/wp-json\/wp\/v2\/types\/page"}],"author":[{"embeddable":true,"href":"https:\/\/immigrantintegration.org\/archived\/2024\/wp-json\/wp\/v2\/users\/1"}],"replies":[{"embeddable":true,"href":"https:\/\/immigrantintegration.org\/archived\/2024\/wp-json\/wp\/v2\/comments?post=3921"}],"version-history":[{"count":6,"href":"https:\/\/immigrantintegration.org\/archived\/2024\/wp-json\/wp\/v2\/pages\/3921\/revisions"}],"predecessor-version":[{"id":4489,"href":"https:\/\/immigrantintegration.org\/archived\/2024\/wp-json\/wp\/v2\/pages\/3921\/revisions\/4489"}],"wp:attachment":[{"href":"https:\/\/immigrantintegration.org\/archived\/2024\/wp-json\/wp\/v2\/media?parent=3921"}],"curies":[{"name":"wp","href":"https:\/\/api.w.org\/{rel}","templated":true}]}}